{"id":245,"date":"2020-07-07T09:20:56","date_gmt":"2020-07-07T09:20:56","guid":{"rendered":"https:\/\/atleaseprod.wpengine.com\/leasing\/?page_id=245"},"modified":"2024-12-12T14:34:08","modified_gmt":"2024-12-12T12:34:08","slug":"artikkelit","status":"publish","type":"page","link":"https:\/\/atleaseprod.wpengine.com\/leasing\/yksityisleasing\/artikkelit\/","title":{"rendered":"Yksityisleasing-artikkelit"},"content":{"rendered":"\t\t<div data-elementor-type=\"wp-page\" data-elementor-id=\"245\" class=\"elementor elementor-245\" data-elementor-post-type=\"page\">\n\t\t\t\t\t\t<section class=\"elementor-section elementor-top-section elementor-element elementor-element-7a92f5f elementor-section-boxed elementor-section-height-default elementor-section-height-default\" data-id=\"7a92f5f\" data-element_type=\"section\" data-e-type=\"section\">\n\t\t\t\t\t\t<div class=\"elementor-container elementor-column-gap-default\">\n\t\t\t\t\t<div class=\"elementor-column elementor-col-100 elementor-top-column elementor-element elementor-element-b6699bb\" data-id=\"b6699bb\" data-element_type=\"column\" data-e-type=\"column\">\n\t\t\t<div class=\"elementor-widget-wrap elementor-element-populated\">\n\t\t\t\t\t\t<div class=\"elementor-element elementor-element-2cca47e elementor-widget elementor-widget-global elementor-global-458 elementor-widget-text-editor\" data-id=\"2cca47e\" data-element_type=\"widget\" data-e-type=\"widget\" id=\"ankkurinavi_yksityis\" data-widget_type=\"text-editor.default\">\n\t\t\t\t<div class=\"elementor-widget-container\">\n\t\t\t\t\t\t\t\t\t<a href=\"\/leasing\/yksityisleasing\/kilpailuta-yksityisleasing\/\">KILPAILUTA<\/a> | <a href=\"\/leasing\/yksityisleasing\/automerkit\/\">AUTOT<\/a> | <a href=\"\/leasing\/yksityisleasing\/yksityisleasing-kumppanit\/\">KUMPPANIT<\/a> | <a href=\"\/leasing\/yksityisleasing\/artikkelit\/\">ARTIKKELIT<\/a> | <a href=\"\/leasing\/yksityisleasing\/vertailu\/\">VERTAILU<\/a>\t\t\t\t\t\t\t\t<\/div>\n\t\t\t\t<\/div>\n\t\t\t\t\t<\/div>\n\t\t<\/div>\n\t\t\t\t\t<\/div>\n\t\t<\/section>\n\t\t\t\t<section class=\"elementor-section elementor-top-section elementor-element elementor-element-b24a532 elementor-section-boxed elementor-section-height-default elementor-section-height-default\" data-id=\"b24a532\" data-element_type=\"section\" data-e-type=\"section\">\n\t\t\t\t\t\t<div class=\"elementor-container elementor-column-gap-default\">\n\t\t\t\t\t<div class=\"elementor-column elementor-col-100 elementor-top-column elementor-element elementor-element-34d4fbc\" data-id=\"34d4fbc\" data-element_type=\"column\" data-e-type=\"column\">\n\t\t\t<div class=\"elementor-widget-wrap elementor-element-populated\">\n\t\t\t\t\t\t<div class=\"elementor-element elementor-element-553778e elementor-widget elementor-widget-heading\" data-id=\"553778e\" data-element_type=\"widget\" data-e-type=\"widget\" data-widget_type=\"heading.default\">\n\t\t\t\t<div class=\"elementor-widget-container\">\n\t\t\t\t\t<h1 class=\"elementor-heading-title elementor-size-default\">YKSITYISLEASING ARTIKKELIT<\/h1>\t\t\t\t<\/div>\n\t\t\t\t<\/div>\n\t\t\t\t<div class=\"elementor-element elementor-element-193e675 elementor-widget elementor-widget-text-editor\" data-id=\"193e675\" data-element_type=\"widget\" data-e-type=\"widget\" data-widget_type=\"text-editor.default\">\n\t\t\t\t<div class=\"elementor-widget-container\">\n\t\t\t\t\t\t\t\t\t<p>T\u00e4\u00e4ll\u00e4 listaamme kaikki artikkelit ja oppaat liittyen yksityisleasingiin.<\/p>\t\t\t\t\t\t\t\t<\/div>\n\t\t\t\t<\/div>\n\t\t\t\t\t<\/div>\n\t\t<\/div>\n\t\t\t\t\t<\/div>\n\t\t<\/section>\n\t\t\t\t<section class=\"elementor-section elementor-top-section elementor-element elementor-element-0efbe9e elementor-section-boxed elementor-section-height-default elementor-section-height-default\" data-id=\"0efbe9e\" data-element_type=\"section\" data-e-type=\"section\" data-settings=\"{&quot;background_background&quot;:&quot;classic&quot;}\">\n\t\t\t\t\t\t<div class=\"elementor-container elementor-column-gap-no\">\n\t\t\t\t\t<div class=\"elementor-column elementor-col-100 elementor-top-column elementor-element elementor-element-6bf923d\" data-id=\"6bf923d\" data-element_type=\"column\" data-e-type=\"column\" data-settings=\"{&quot;background_background&quot;:&quot;classic&quot;}\">\n\t\t\t<div class=\"elementor-widget-wrap elementor-element-populated\">\n\t\t\t\t\t\t<section class=\"elementor-section elementor-inner-section elementor-element elementor-element-fed4c55 elementor-section-full_width elementor-section-height-default elementor-section-height-default\" data-id=\"fed4c55\" data-element_type=\"section\" data-e-type=\"section\">\n\t\t\t\t\t\t<div class=\"elementor-container elementor-column-gap-no\">\n\t\t\t\t\t<div class=\"elementor-column elementor-col-100 elementor-inner-column elementor-element elementor-element-d1e8365\" data-id=\"d1e8365\" data-element_type=\"column\" data-e-type=\"column\">\n\t\t\t<div class=\"elementor-widget-wrap elementor-element-populated\">\n\t\t\t\t\t\t<div class=\"elementor-element elementor-element-9433bb7 elementor-posts--align-left elementor-grid-tablet-3 elementor-grid-3 elementor-grid-mobile-1 elementor-posts--thumbnail-top elementor-card-shadow-yes elementor-posts__hover-gradient elementor-widget elementor-widget-posts\" data-id=\"9433bb7\" data-element_type=\"widget\" data-e-type=\"widget\" data-settings=\"{&quot;cards_columns_tablet&quot;:&quot;3&quot;,&quot;cards_columns&quot;:&quot;3&quot;,&quot;cards_columns_mobile&quot;:&quot;1&quot;,&quot;cards_row_gap&quot;:{&quot;unit&quot;:&quot;px&quot;,&quot;size&quot;:35,&quot;sizes&quot;:[]},&quot;cards_row_gap_tablet&quot;:{&quot;unit&quot;:&quot;px&quot;,&quot;size&quot;:&quot;&quot;,&quot;sizes&quot;:[]},&quot;cards_row_gap_mobile&quot;:{&quot;unit&quot;:&quot;px&quot;,&quot;size&quot;:&quot;&quot;,&quot;sizes&quot;:[]}}\" data-widget_type=\"posts.cards\">\n\t\t\t\t<div class=\"elementor-widget-container\">\n\t\t\t\t\t\t\t<div class=\"elementor-posts-container elementor-posts elementor-posts--skin-cards elementor-grid\">\n\t\t\t\t<article class=\"elementor-post elementor-grid-item post-2055 post type-post status-publish format-standard has-post-thumbnail hentry category-yksityisleasing-artikkeli\">\n\t\t\t<div class=\"elementor-post__card\">\n\t\t\t\t<a class=\"elementor-post__thumbnail__link\" href=\"https:\/\/atleaseprod.wpengine.com\/leasing\/yksityisleasing-artikkeli\/huoletonta-autoilua-kiinteaan-kuukausihintaan-katso-suosituimmat-yksityisleasing-autot\/\" tabindex=\"-1\" ><div class=\"elementor-post__thumbnail\"><img fetchpriority=\"high\" decoding=\"async\" width=\"500\" height=\"333\" src=\"https:\/\/atleaseprod.wpengine.com\/leasing\/wp-content\/uploads\/sites\/2\/2025\/03\/top10-halutuimmat-yksityisleasing-2024-artikkelikuva2.jpg\" class=\"attachment-medium_large size-medium_large wp-image-2058\" alt=\"\" srcset=\"https:\/\/atleaseprod.wpengine.com\/leasing\/wp-content\/uploads\/sites\/2\/2025\/03\/top10-halutuimmat-yksityisleasing-2024-artikkelikuva2.jpg 500w, https:\/\/atleaseprod.wpengine.com\/leasing\/wp-content\/uploads\/sites\/2\/2025\/03\/top10-halutuimmat-yksityisleasing-2024-artikkelikuva2-300x200.jpg 300w\" sizes=\"(max-width: 500px) 100vw, 500px\" \/><\/div><\/a>\n\t\t\t\t<div class=\"elementor-post__text\">\n\t\t\t\t<h3 class=\"elementor-post__title\">\n\t\t\t<a href=\"https:\/\/atleaseprod.wpengine.com\/leasing\/yksityisleasing-artikkeli\/huoletonta-autoilua-kiinteaan-kuukausihintaan-katso-suosituimmat-yksityisleasing-autot\/\" >\n\t\t\t\tHuoletonta autoilua kiinte\u00e4\u00e4n kuukausihintaan \u2013 Katso suosituimmat yksityisleasing-autot\t\t\t<\/a>\n\t\t<\/h3>\n\t\t\t\t<\/div>\n\t\t\t\t<div class=\"elementor-post__meta-data\">\n\t\t\t\t\t<span class=\"elementor-post-date\">\n\t\t\t12.8.2025\t\t<\/span>\n\t\t\t\t<\/div>\n\t\t\t\t\t<\/div>\n\t\t<\/article>\n\t\t\t\t<article class=\"elementor-post elementor-grid-item post-2090 post type-post status-publish format-standard has-post-thumbnail hentry category-yksityisleasing-artikkeli\">\n\t\t\t<div class=\"elementor-post__card\">\n\t\t\t\t<a class=\"elementor-post__thumbnail__link\" href=\"https:\/\/atleaseprod.wpengine.com\/leasing\/yksityisleasing-artikkeli\/hanki-sahkoauto-ilman-huolta-arvon-kehityksesta-katso-leasingtarjoukset\/\" tabindex=\"-1\" ><div class=\"elementor-post__thumbnail\"><img decoding=\"async\" width=\"500\" height=\"334\" src=\"https:\/\/atleaseprod.wpengine.com\/leasing\/wp-content\/uploads\/sites\/2\/2025\/08\/hanki-sahkoauto-2025-artikkelikuva.jpg\" class=\"attachment-medium_large size-medium_large wp-image-2091\" alt=\"\" srcset=\"https:\/\/atleaseprod.wpengine.com\/leasing\/wp-content\/uploads\/sites\/2\/2025\/08\/hanki-sahkoauto-2025-artikkelikuva.jpg 500w, https:\/\/atleaseprod.wpengine.com\/leasing\/wp-content\/uploads\/sites\/2\/2025\/08\/hanki-sahkoauto-2025-artikkelikuva-300x200.jpg 300w\" sizes=\"(max-width: 500px) 100vw, 500px\" \/><\/div><\/a>\n\t\t\t\t<div class=\"elementor-post__text\">\n\t\t\t\t<h3 class=\"elementor-post__title\">\n\t\t\t<a href=\"https:\/\/atleaseprod.wpengine.com\/leasing\/yksityisleasing-artikkeli\/hanki-sahkoauto-ilman-huolta-arvon-kehityksesta-katso-leasingtarjoukset\/\" >\n\t\t\t\tHanki s\u00e4hk\u00f6auto ilman huolta arvon kehityksest\u00e4 &#8211; Katso leasingtarjoukset\t\t\t<\/a>\n\t\t<\/h3>\n\t\t\t\t<\/div>\n\t\t\t\t<div class=\"elementor-post__meta-data\">\n\t\t\t\t\t<span class=\"elementor-post-date\">\n\t\t\t11.8.2025\t\t<\/span>\n\t\t\t\t<\/div>\n\t\t\t\t\t<\/div>\n\t\t<\/article>\n\t\t\t\t<article class=\"elementor-post elementor-grid-item post-2009 post type-post status-publish format-standard has-post-thumbnail hentry category-yksityisleasing-artikkeli\">\n\t\t\t<div class=\"elementor-post__card\">\n\t\t\t\t<a class=\"elementor-post__thumbnail__link\" href=\"https:\/\/atleaseprod.wpengine.com\/leasing\/yksityisleasing-artikkeli\/halutuimmat-yksityisleasingautot-vuonna-2023-sahkoautot-nousussa\/\" tabindex=\"-1\" ><div class=\"elementor-post__thumbnail\"><img decoding=\"async\" width=\"500\" height=\"333\" src=\"https:\/\/atleaseprod.wpengine.com\/leasing\/wp-content\/uploads\/sites\/2\/2024\/01\/yksityisleasing-kooste-2024-artikkelikuva.jpg\" class=\"attachment-medium_large size-medium_large wp-image-2008\" alt=\"\" srcset=\"https:\/\/atleaseprod.wpengine.com\/leasing\/wp-content\/uploads\/sites\/2\/2024\/01\/yksityisleasing-kooste-2024-artikkelikuva.jpg 500w, https:\/\/atleaseprod.wpengine.com\/leasing\/wp-content\/uploads\/sites\/2\/2024\/01\/yksityisleasing-kooste-2024-artikkelikuva-300x200.jpg 300w\" sizes=\"(max-width: 500px) 100vw, 500px\" \/><\/div><\/a>\n\t\t\t\t<div class=\"elementor-post__text\">\n\t\t\t\t<h3 class=\"elementor-post__title\">\n\t\t\t<a href=\"https:\/\/atleaseprod.wpengine.com\/leasing\/yksityisleasing-artikkeli\/halutuimmat-yksityisleasingautot-vuonna-2023-sahkoautot-nousussa\/\" >\n\t\t\t\tHalutuimmat yksityisleasingautot vuonna 2023 \u2013 s\u00e4hk\u00f6autot nousussa\t\t\t<\/a>\n\t\t<\/h3>\n\t\t\t\t<\/div>\n\t\t\t\t<div class=\"elementor-post__meta-data\">\n\t\t\t\t\t<span class=\"elementor-post-date\">\n\t\t\t9.1.2024\t\t<\/span>\n\t\t\t\t<\/div>\n\t\t\t\t\t<\/div>\n\t\t<\/article>\n\t\t\t\t<article class=\"elementor-post elementor-grid-item post-1989 post type-post status-publish format-standard has-post-thumbnail hentry category-yksityisleasing-artikkeli\">\n\t\t\t<div class=\"elementor-post__card\">\n\t\t\t\t<a class=\"elementor-post__thumbnail__link\" href=\"https:\/\/atleaseprod.wpengine.com\/leasing\/yksityisleasing-artikkeli\/tutut-merkit-kiinnostavat-suomalaisten-top-10-yksityisleasingautot\/\" tabindex=\"-1\" ><div class=\"elementor-post__thumbnail\"><img loading=\"lazy\" decoding=\"async\" width=\"500\" height=\"333\" src=\"https:\/\/atleaseprod.wpengine.com\/leasing\/wp-content\/uploads\/sites\/2\/2023\/08\/leasingtilastot_1-6_2023-artikkelikuva.jpg\" class=\"attachment-medium_large size-medium_large wp-image-1990\" alt=\"\" srcset=\"https:\/\/atleaseprod.wpengine.com\/leasing\/wp-content\/uploads\/sites\/2\/2023\/08\/leasingtilastot_1-6_2023-artikkelikuva.jpg 500w, https:\/\/atleaseprod.wpengine.com\/leasing\/wp-content\/uploads\/sites\/2\/2023\/08\/leasingtilastot_1-6_2023-artikkelikuva-300x200.jpg 300w\" sizes=\"(max-width: 500px) 100vw, 500px\" \/><\/div><\/a>\n\t\t\t\t<div class=\"elementor-post__text\">\n\t\t\t\t<h3 class=\"elementor-post__title\">\n\t\t\t<a href=\"https:\/\/atleaseprod.wpengine.com\/leasing\/yksityisleasing-artikkeli\/tutut-merkit-kiinnostavat-suomalaisten-top-10-yksityisleasingautot\/\" >\n\t\t\t\tTutut merkit kiinnostavat \u2013 suomalaisten top 10 -yksityisleasingautot\t\t\t<\/a>\n\t\t<\/h3>\n\t\t\t\t<\/div>\n\t\t\t\t<div class=\"elementor-post__meta-data\">\n\t\t\t\t\t<span class=\"elementor-post-date\">\n\t\t\t25.8.2023\t\t<\/span>\n\t\t\t\t<\/div>\n\t\t\t\t\t<\/div>\n\t\t<\/article>\n\t\t\t\t<article class=\"elementor-post elementor-grid-item post-1980 post type-post status-publish format-standard has-post-thumbnail hentry category-yksityisleasing-artikkeli\">\n\t\t\t<div class=\"elementor-post__card\">\n\t\t\t\t<a class=\"elementor-post__thumbnail__link\" href=\"https:\/\/atleaseprod.wpengine.com\/leasing\/yksityisleasing-artikkeli\/hybridiauto-kiinteaan-kuukausihintaan-katso-suosikkimallien-hinnat\/\" tabindex=\"-1\" ><div class=\"elementor-post__thumbnail\"><img loading=\"lazy\" decoding=\"async\" width=\"500\" height=\"333\" src=\"https:\/\/atleaseprod.wpengine.com\/leasing\/wp-content\/uploads\/sites\/2\/2023\/07\/hybridit_kiinteaan_kuukausihintaan_artikkelikuva.jpg\" class=\"attachment-medium_large size-medium_large wp-image-1981\" alt=\"\" srcset=\"https:\/\/atleaseprod.wpengine.com\/leasing\/wp-content\/uploads\/sites\/2\/2023\/07\/hybridit_kiinteaan_kuukausihintaan_artikkelikuva.jpg 500w, https:\/\/atleaseprod.wpengine.com\/leasing\/wp-content\/uploads\/sites\/2\/2023\/07\/hybridit_kiinteaan_kuukausihintaan_artikkelikuva-300x200.jpg 300w\" sizes=\"(max-width: 500px) 100vw, 500px\" \/><\/div><\/a>\n\t\t\t\t<div class=\"elementor-post__text\">\n\t\t\t\t<h3 class=\"elementor-post__title\">\n\t\t\t<a href=\"https:\/\/atleaseprod.wpengine.com\/leasing\/yksityisleasing-artikkeli\/hybridiauto-kiinteaan-kuukausihintaan-katso-suosikkimallien-hinnat\/\" >\n\t\t\t\tHybridiauto kiinte\u00e4\u00e4n kuukausihintaan? Katso suosikkimallien hinnat\t\t\t<\/a>\n\t\t<\/h3>\n\t\t\t\t<\/div>\n\t\t\t\t<div class=\"elementor-post__meta-data\">\n\t\t\t\t\t<span class=\"elementor-post-date\">\n\t\t\t5.7.2023\t\t<\/span>\n\t\t\t\t<\/div>\n\t\t\t\t\t<\/div>\n\t\t<\/article>\n\t\t\t\t<article class=\"elementor-post elementor-grid-item post-1972 post type-post status-publish format-standard has-post-thumbnail hentry category-yksityisleasing-artikkeli\">\n\t\t\t<div class=\"elementor-post__card\">\n\t\t\t\t<a class=\"elementor-post__thumbnail__link\" href=\"https:\/\/atleaseprod.wpengine.com\/leasing\/yksityisleasing-artikkeli\/mita-maksaa-sahkoautoilu-kiinteaan-kuukausihintaan-katso-suosittujen-mallien-leasingdiilit\/\" tabindex=\"-1\" ><div class=\"elementor-post__thumbnail\"><img loading=\"lazy\" decoding=\"async\" width=\"500\" height=\"333\" src=\"https:\/\/atleaseprod.wpengine.com\/leasing\/wp-content\/uploads\/sites\/2\/2023\/07\/mita-maksaa-sahkoautoilu-kuukausihinnalla-artikkelikuva.jpg\" class=\"attachment-medium_large size-medium_large wp-image-1973\" alt=\"\" srcset=\"https:\/\/atleaseprod.wpengine.com\/leasing\/wp-content\/uploads\/sites\/2\/2023\/07\/mita-maksaa-sahkoautoilu-kuukausihinnalla-artikkelikuva.jpg 500w, https:\/\/atleaseprod.wpengine.com\/leasing\/wp-content\/uploads\/sites\/2\/2023\/07\/mita-maksaa-sahkoautoilu-kuukausihinnalla-artikkelikuva-300x200.jpg 300w\" sizes=\"(max-width: 500px) 100vw, 500px\" \/><\/div><\/a>\n\t\t\t\t<div class=\"elementor-post__text\">\n\t\t\t\t<h3 class=\"elementor-post__title\">\n\t\t\t<a href=\"https:\/\/atleaseprod.wpengine.com\/leasing\/yksityisleasing-artikkeli\/mita-maksaa-sahkoautoilu-kiinteaan-kuukausihintaan-katso-suosittujen-mallien-leasingdiilit\/\" >\n\t\t\t\tMit\u00e4 maksaa s\u00e4hk\u00f6autoilu kiinte\u00e4\u00e4n kuukausihintaan? Katso suosittujen mallien leasingdiilit\t\t\t<\/a>\n\t\t<\/h3>\n\t\t\t\t<\/div>\n\t\t\t\t<div class=\"elementor-post__meta-data\">\n\t\t\t\t\t<span class=\"elementor-post-date\">\n\t\t\t4.7.2023\t\t<\/span>\n\t\t\t\t<\/div>\n\t\t\t\t\t<\/div>\n\t\t<\/article>\n\t\t\t\t<article class=\"elementor-post elementor-grid-item post-1910 post type-post status-publish format-standard has-post-thumbnail hentry category-yksityisleasing-artikkeli\">\n\t\t\t<div class=\"elementor-post__card\">\n\t\t\t\t<a class=\"elementor-post__thumbnail__link\" href=\"https:\/\/atleaseprod.wpengine.com\/leasing\/yksityisleasing-artikkeli\/yksityisleasingin-suosio-jatkuu-nama-leasing-autot-kiinnostivat-suomalaisia-eniten-vuonna-2022\/\" tabindex=\"-1\" ><div class=\"elementor-post__thumbnail\"><img loading=\"lazy\" decoding=\"async\" width=\"500\" height=\"333\" src=\"https:\/\/atleaseprod.wpengine.com\/leasing\/wp-content\/uploads\/sites\/2\/2023\/01\/yksityisleasing-suosio-2023-artikkelikuva.jpg\" class=\"attachment-medium_large size-medium_large wp-image-1911\" alt=\"\" srcset=\"https:\/\/atleaseprod.wpengine.com\/leasing\/wp-content\/uploads\/sites\/2\/2023\/01\/yksityisleasing-suosio-2023-artikkelikuva.jpg 500w, https:\/\/atleaseprod.wpengine.com\/leasing\/wp-content\/uploads\/sites\/2\/2023\/01\/yksityisleasing-suosio-2023-artikkelikuva-300x200.jpg 300w\" sizes=\"(max-width: 500px) 100vw, 500px\" \/><\/div><\/a>\n\t\t\t\t<div class=\"elementor-post__text\">\n\t\t\t\t<h3 class=\"elementor-post__title\">\n\t\t\t<a href=\"https:\/\/atleaseprod.wpengine.com\/leasing\/yksityisleasing-artikkeli\/yksityisleasingin-suosio-jatkuu-nama-leasing-autot-kiinnostivat-suomalaisia-eniten-vuonna-2022\/\" >\n\t\t\t\tYksityisleasingin suosio jatkuu &#8211; n\u00e4m\u00e4 leasing-autot kiinnostivat suomalaisia eniten vuonna 2022\t\t\t<\/a>\n\t\t<\/h3>\n\t\t\t\t<\/div>\n\t\t\t\t<div class=\"elementor-post__meta-data\">\n\t\t\t\t\t<span class=\"elementor-post-date\">\n\t\t\t23.1.2023\t\t<\/span>\n\t\t\t\t<\/div>\n\t\t\t\t\t<\/div>\n\t\t<\/article>\n\t\t\t\t<article class=\"elementor-post elementor-grid-item post-1892 post type-post status-publish format-standard has-post-thumbnail hentry category-yksityisleasing-artikkeli\">\n\t\t\t<div class=\"elementor-post__card\">\n\t\t\t\t<a class=\"elementor-post__thumbnail__link\" href=\"https:\/\/atleaseprod.wpengine.com\/leasing\/yksityisleasing-artikkeli\/tutkimus-suomalaisia-miellyttaa-yksityisleasingissa-huolettomuus-kulut-pysyvat-aisoissa\/\" tabindex=\"-1\" ><div class=\"elementor-post__thumbnail\"><img loading=\"lazy\" decoding=\"async\" width=\"500\" height=\"333\" src=\"https:\/\/atleaseprod.wpengine.com\/leasing\/wp-content\/uploads\/sites\/2\/2022\/11\/tutkimus-yksityisleasing-artikkelikuva.jpg\" class=\"attachment-medium_large size-medium_large wp-image-1893\" alt=\"\" srcset=\"https:\/\/atleaseprod.wpengine.com\/leasing\/wp-content\/uploads\/sites\/2\/2022\/11\/tutkimus-yksityisleasing-artikkelikuva.jpg 500w, https:\/\/atleaseprod.wpengine.com\/leasing\/wp-content\/uploads\/sites\/2\/2022\/11\/tutkimus-yksityisleasing-artikkelikuva-300x200.jpg 300w\" sizes=\"(max-width: 500px) 100vw, 500px\" \/><\/div><\/a>\n\t\t\t\t<div class=\"elementor-post__text\">\n\t\t\t\t<h3 class=\"elementor-post__title\">\n\t\t\t<a href=\"https:\/\/atleaseprod.wpengine.com\/leasing\/yksityisleasing-artikkeli\/tutkimus-suomalaisia-miellyttaa-yksityisleasingissa-huolettomuus-kulut-pysyvat-aisoissa\/\" >\n\t\t\t\tTutkimus: Suomalaisia miellytt\u00e4\u00e4 yksityisleasingissa huolettomuus &#8211; \u201cKulut pysyv\u00e4t aisoissa\u201d\t\t\t<\/a>\n\t\t<\/h3>\n\t\t\t\t<\/div>\n\t\t\t\t<div class=\"elementor-post__meta-data\">\n\t\t\t\t\t<span class=\"elementor-post-date\">\n\t\t\t16.11.2022\t\t<\/span>\n\t\t\t\t<\/div>\n\t\t\t\t\t<\/div>\n\t\t<\/article>\n\t\t\t\t<article class=\"elementor-post elementor-grid-item post-1885 post type-post status-publish format-standard has-post-thumbnail hentry category-yksityisleasing-artikkeli tag-testimoniaali\">\n\t\t\t<div class=\"elementor-post__card\">\n\t\t\t\t<a class=\"elementor-post__thumbnail__link\" href=\"https:\/\/atleaseprod.wpengine.com\/leasing\/yksityisleasing-artikkeli\/ei-huolta-jalleenmyyntiarvosta-yksityisleasing-on-riskiton-tapa-autoilla\/\" tabindex=\"-1\" ><div class=\"elementor-post__thumbnail\"><img loading=\"lazy\" decoding=\"async\" width=\"500\" height=\"333\" src=\"https:\/\/atleaseprod.wpengine.com\/leasing\/wp-content\/uploads\/sites\/2\/2022\/10\/yksityisleasing-honkonen-artikkelikuva.jpg\" class=\"attachment-medium_large size-medium_large wp-image-1886\" alt=\"\" srcset=\"https:\/\/atleaseprod.wpengine.com\/leasing\/wp-content\/uploads\/sites\/2\/2022\/10\/yksityisleasing-honkonen-artikkelikuva.jpg 500w, https:\/\/atleaseprod.wpengine.com\/leasing\/wp-content\/uploads\/sites\/2\/2022\/10\/yksityisleasing-honkonen-artikkelikuva-300x200.jpg 300w\" sizes=\"(max-width: 500px) 100vw, 500px\" \/><\/div><\/a>\n\t\t\t\t<div class=\"elementor-post__text\">\n\t\t\t\t<h3 class=\"elementor-post__title\">\n\t\t\t<a href=\"https:\/\/atleaseprod.wpengine.com\/leasing\/yksityisleasing-artikkeli\/ei-huolta-jalleenmyyntiarvosta-yksityisleasing-on-riskiton-tapa-autoilla\/\" >\n\t\t\t\tEi huolta j\u00e4lleenmyyntiarvosta \u2013 \u201dYksityisleasing on riskit\u00f6n tapa autoilla\u201d\t\t\t<\/a>\n\t\t<\/h3>\n\t\t\t\t<\/div>\n\t\t\t\t<div class=\"elementor-post__meta-data\">\n\t\t\t\t\t<span class=\"elementor-post-date\">\n\t\t\t20.10.2022\t\t<\/span>\n\t\t\t\t<\/div>\n\t\t\t\t\t<\/div>\n\t\t<\/article>\n\t\t\t\t<article class=\"elementor-post elementor-grid-item post-1876 post type-post status-publish format-standard has-post-thumbnail hentry category-yksityisleasing-artikkeli\">\n\t\t\t<div class=\"elementor-post__card\">\n\t\t\t\t<a class=\"elementor-post__thumbnail__link\" href=\"https:\/\/atleaseprod.wpengine.com\/leasing\/yksityisleasing-artikkeli\/nama-leasing-autot-kiinnostavat-suomalaisia-vuonna-2022-yksi-selkea-muutos-viime-vuoteen\/\" tabindex=\"-1\" ><div class=\"elementor-post__thumbnail\"><img loading=\"lazy\" decoding=\"async\" width=\"500\" height=\"333\" src=\"https:\/\/atleaseprod.wpengine.com\/leasing\/wp-content\/uploads\/sites\/2\/2022\/09\/yksityisleasing-katsaus-2022-artikkelikuva.jpg\" class=\"attachment-medium_large size-medium_large wp-image-1877\" alt=\"\" srcset=\"https:\/\/atleaseprod.wpengine.com\/leasing\/wp-content\/uploads\/sites\/2\/2022\/09\/yksityisleasing-katsaus-2022-artikkelikuva.jpg 500w, https:\/\/atleaseprod.wpengine.com\/leasing\/wp-content\/uploads\/sites\/2\/2022\/09\/yksityisleasing-katsaus-2022-artikkelikuva-300x200.jpg 300w\" sizes=\"(max-width: 500px) 100vw, 500px\" \/><\/div><\/a>\n\t\t\t\t<div class=\"elementor-post__text\">\n\t\t\t\t<h3 class=\"elementor-post__title\">\n\t\t\t<a href=\"https:\/\/atleaseprod.wpengine.com\/leasing\/yksityisleasing-artikkeli\/nama-leasing-autot-kiinnostavat-suomalaisia-vuonna-2022-yksi-selkea-muutos-viime-vuoteen\/\" >\n\t\t\t\tN\u00e4m\u00e4 leasing-autot kiinnostavat suomalaisia vuonna 2022 \u2013 yksi selke\u00e4 muutos viime vuoteen\t\t\t<\/a>\n\t\t<\/h3>\n\t\t\t\t<\/div>\n\t\t\t\t<div class=\"elementor-post__meta-data\">\n\t\t\t\t\t<span class=\"elementor-post-date\">\n\t\t\t23.9.2022\t\t<\/span>\n\t\t\t\t<\/div>\n\t\t\t\t\t<\/div>\n\t\t<\/article>\n\t\t\t\t<article class=\"elementor-post elementor-grid-item post-1871 post type-post status-publish format-standard has-post-thumbnail hentry category-yksityisleasing-artikkeli tag-testimoniaali\">\n\t\t\t<div class=\"elementor-post__card\">\n\t\t\t\t<a class=\"elementor-post__thumbnail__link\" href=\"https:\/\/atleaseprod.wpengine.com\/leasing\/yksityisleasing-artikkeli\/yksityisleasing-mahdollisti-hybridiauton-hankinnan\/\" tabindex=\"-1\" ><div class=\"elementor-post__thumbnail\"><img loading=\"lazy\" decoding=\"async\" width=\"500\" height=\"333\" src=\"https:\/\/atleaseprod.wpengine.com\/leasing\/wp-content\/uploads\/sites\/2\/2022\/08\/hybridi-skoda-kimmo-weissenberg-artikkelikuva.jpg\" class=\"attachment-medium_large size-medium_large wp-image-1872\" alt=\"\" srcset=\"https:\/\/atleaseprod.wpengine.com\/leasing\/wp-content\/uploads\/sites\/2\/2022\/08\/hybridi-skoda-kimmo-weissenberg-artikkelikuva.jpg 500w, https:\/\/atleaseprod.wpengine.com\/leasing\/wp-content\/uploads\/sites\/2\/2022\/08\/hybridi-skoda-kimmo-weissenberg-artikkelikuva-300x200.jpg 300w\" sizes=\"(max-width: 500px) 100vw, 500px\" \/><\/div><\/a>\n\t\t\t\t<div class=\"elementor-post__text\">\n\t\t\t\t<h3 class=\"elementor-post__title\">\n\t\t\t<a href=\"https:\/\/atleaseprod.wpengine.com\/leasing\/yksityisleasing-artikkeli\/yksityisleasing-mahdollisti-hybridiauton-hankinnan\/\" >\n\t\t\t\tYksityisleasing mahdollisti hybridiauton hankinnan\t\t\t<\/a>\n\t\t<\/h3>\n\t\t\t\t<\/div>\n\t\t\t\t<div class=\"elementor-post__meta-data\">\n\t\t\t\t\t<span class=\"elementor-post-date\">\n\t\t\t23.8.2022\t\t<\/span>\n\t\t\t\t<\/div>\n\t\t\t\t\t<\/div>\n\t\t<\/article>\n\t\t\t\t<article class=\"elementor-post elementor-grid-item post-1852 post type-post status-publish format-standard has-post-thumbnail hentry category-yksityisleasing-artikkeli\">\n\t\t\t<div class=\"elementor-post__card\">\n\t\t\t\t<a class=\"elementor-post__thumbnail__link\" href=\"https:\/\/atleaseprod.wpengine.com\/leasing\/yksityisleasing-artikkeli\/katso-hintavertailu-nykyisilla-bensan-ja-dieselin-hinnoilla-ajavalla-alkaa-olla-varaa-uuteen-sahkoautoon\/\" tabindex=\"-1\" ><div class=\"elementor-post__thumbnail\"><img loading=\"lazy\" decoding=\"async\" width=\"500\" height=\"333\" src=\"https:\/\/atleaseprod.wpengine.com\/leasing\/wp-content\/uploads\/sites\/2\/2022\/06\/sahkoauto-tco-vw-id4-artikkelikuva.jpg\" class=\"attachment-medium_large size-medium_large wp-image-1853\" alt=\"\" srcset=\"https:\/\/atleaseprod.wpengine.com\/leasing\/wp-content\/uploads\/sites\/2\/2022\/06\/sahkoauto-tco-vw-id4-artikkelikuva.jpg 500w, https:\/\/atleaseprod.wpengine.com\/leasing\/wp-content\/uploads\/sites\/2\/2022\/06\/sahkoauto-tco-vw-id4-artikkelikuva-300x200.jpg 300w\" sizes=\"(max-width: 500px) 100vw, 500px\" \/><\/div><\/a>\n\t\t\t\t<div class=\"elementor-post__text\">\n\t\t\t\t<h3 class=\"elementor-post__title\">\n\t\t\t<a href=\"https:\/\/atleaseprod.wpengine.com\/leasing\/yksityisleasing-artikkeli\/katso-hintavertailu-nykyisilla-bensan-ja-dieselin-hinnoilla-ajavalla-alkaa-olla-varaa-uuteen-sahkoautoon\/\" >\n\t\t\t\tKatso hintavertailu: nykyisill\u00e4 bensan ja dieselin hinnoilla ajavalla alkaa olla varaa uuteen s\u00e4hk\u00f6autoon\t\t\t<\/a>\n\t\t<\/h3>\n\t\t\t\t<\/div>\n\t\t\t\t<div class=\"elementor-post__meta-data\">\n\t\t\t\t\t<span class=\"elementor-post-date\">\n\t\t\t20.6.2022\t\t<\/span>\n\t\t\t\t<\/div>\n\t\t\t\t\t<\/div>\n\t\t<\/article>\n\t\t\t\t<article class=\"elementor-post elementor-grid-item post-1838 post type-post status-publish format-standard has-post-thumbnail hentry category-yksityisleasing-artikkeli tag-testimoniaali\">\n\t\t\t<div class=\"elementor-post__card\">\n\t\t\t\t<a class=\"elementor-post__thumbnail__link\" href=\"https:\/\/atleaseprod.wpengine.com\/leasing\/yksityisleasing-artikkeli\/helppoutta-yksityisleasingilla-hybridi-volvo-teki-ajamisesta-samalla-ekologisempaa\/\" tabindex=\"-1\" ><div class=\"elementor-post__thumbnail\"><img loading=\"lazy\" decoding=\"async\" width=\"500\" height=\"333\" src=\"https:\/\/atleaseprod.wpengine.com\/leasing\/wp-content\/uploads\/sites\/2\/2022\/06\/Tommi-Volvo-artikkelikuva.jpg\" class=\"attachment-medium_large size-medium_large wp-image-1839\" alt=\"\" srcset=\"https:\/\/atleaseprod.wpengine.com\/leasing\/wp-content\/uploads\/sites\/2\/2022\/06\/Tommi-Volvo-artikkelikuva.jpg 500w, https:\/\/atleaseprod.wpengine.com\/leasing\/wp-content\/uploads\/sites\/2\/2022\/06\/Tommi-Volvo-artikkelikuva-300x200.jpg 300w\" sizes=\"(max-width: 500px) 100vw, 500px\" \/><\/div><\/a>\n\t\t\t\t<div class=\"elementor-post__text\">\n\t\t\t\t<h3 class=\"elementor-post__title\">\n\t\t\t<a href=\"https:\/\/atleaseprod.wpengine.com\/leasing\/yksityisleasing-artikkeli\/helppoutta-yksityisleasingilla-hybridi-volvo-teki-ajamisesta-samalla-ekologisempaa\/\" >\n\t\t\t\tHelppoutta yksityisleasingilla \u2013 hybridi-Volvo teki ajamisesta samalla ekologisempaa\t\t\t<\/a>\n\t\t<\/h3>\n\t\t\t\t<\/div>\n\t\t\t\t<div class=\"elementor-post__meta-data\">\n\t\t\t\t\t<span class=\"elementor-post-date\">\n\t\t\t17.6.2022\t\t<\/span>\n\t\t\t\t<\/div>\n\t\t\t\t\t<\/div>\n\t\t<\/article>\n\t\t\t\t<article class=\"elementor-post elementor-grid-item post-1819 post type-post status-publish format-standard has-post-thumbnail hentry category-yksityisleasing-artikkeli\">\n\t\t\t<div class=\"elementor-post__card\">\n\t\t\t\t<a class=\"elementor-post__thumbnail__link\" href=\"https:\/\/atleaseprod.wpengine.com\/leasing\/yksityisleasing-artikkeli\/yksityisleasingilla-ajat-uudella-autolla-jopa-alle-200-eurolla-kuussa-tutustu-kiinnostavimpiin-tarjouksiin\/\" tabindex=\"-1\" ><div class=\"elementor-post__thumbnail\"><img loading=\"lazy\" decoding=\"async\" width=\"500\" height=\"333\" src=\"https:\/\/atleaseprod.wpengine.com\/leasing\/wp-content\/uploads\/sites\/2\/2022\/05\/yksityisleasing-kesadiilit-2022-artikkelikuva.jpg\" class=\"attachment-medium_large size-medium_large wp-image-1820\" alt=\"\" srcset=\"https:\/\/atleaseprod.wpengine.com\/leasing\/wp-content\/uploads\/sites\/2\/2022\/05\/yksityisleasing-kesadiilit-2022-artikkelikuva.jpg 500w, https:\/\/atleaseprod.wpengine.com\/leasing\/wp-content\/uploads\/sites\/2\/2022\/05\/yksityisleasing-kesadiilit-2022-artikkelikuva-300x200.jpg 300w\" sizes=\"(max-width: 500px) 100vw, 500px\" \/><\/div><\/a>\n\t\t\t\t<div class=\"elementor-post__text\">\n\t\t\t\t<h3 class=\"elementor-post__title\">\n\t\t\t<a href=\"https:\/\/atleaseprod.wpengine.com\/leasing\/yksityisleasing-artikkeli\/yksityisleasingilla-ajat-uudella-autolla-jopa-alle-200-eurolla-kuussa-tutustu-kiinnostavimpiin-tarjouksiin\/\" >\n\t\t\t\tYksityisleasingilla ajat uudella autolla jopa alle 200 eurolla kuussa &#8211; tutustu kiinnostavimpiin tarjouksiin\t\t\t<\/a>\n\t\t<\/h3>\n\t\t\t\t<\/div>\n\t\t\t\t<div class=\"elementor-post__meta-data\">\n\t\t\t\t\t<span class=\"elementor-post-date\">\n\t\t\t24.5.2022\t\t<\/span>\n\t\t\t\t<\/div>\n\t\t\t\t\t<\/div>\n\t\t<\/article>\n\t\t\t\t<article class=\"elementor-post elementor-grid-item post-1762 post type-post status-publish format-standard has-post-thumbnail hentry category-yksityisleasing-artikkeli\">\n\t\t\t<div class=\"elementor-post__card\">\n\t\t\t\t<a class=\"elementor-post__thumbnail__link\" href=\"https:\/\/atleaseprod.wpengine.com\/leasing\/yksityisleasing-artikkeli\/top-15-yksityisleasingautot-sahko-painaa-jo-dieselin-ohi-onko-nyt-oikea-aika-vaihtaa-kuukausihintaiseen-autoon\/\" tabindex=\"-1\" ><div class=\"elementor-post__thumbnail\"><img loading=\"lazy\" decoding=\"async\" width=\"500\" height=\"333\" src=\"https:\/\/atleaseprod.wpengine.com\/leasing\/wp-content\/uploads\/sites\/2\/2021\/12\/vuoden-2021-kooste-artikkelikuva.jpg\" class=\"attachment-medium_large size-medium_large wp-image-1763\" alt=\"\" srcset=\"https:\/\/atleaseprod.wpengine.com\/leasing\/wp-content\/uploads\/sites\/2\/2021\/12\/vuoden-2021-kooste-artikkelikuva.jpg 500w, https:\/\/atleaseprod.wpengine.com\/leasing\/wp-content\/uploads\/sites\/2\/2021\/12\/vuoden-2021-kooste-artikkelikuva-300x200.jpg 300w\" sizes=\"(max-width: 500px) 100vw, 500px\" \/><\/div><\/a>\n\t\t\t\t<div class=\"elementor-post__text\">\n\t\t\t\t<h3 class=\"elementor-post__title\">\n\t\t\t<a href=\"https:\/\/atleaseprod.wpengine.com\/leasing\/yksityisleasing-artikkeli\/top-15-yksityisleasingautot-sahko-painaa-jo-dieselin-ohi-onko-nyt-oikea-aika-vaihtaa-kuukausihintaiseen-autoon\/\" >\n\t\t\t\tTop 15 -yksityisleasingautot: s\u00e4hk\u00f6 painaa jo dieselin ohi \u2013 onko nyt oikea aika vaihtaa kuukausihintaiseen autoon?\t\t\t<\/a>\n\t\t<\/h3>\n\t\t\t\t<\/div>\n\t\t\t\t<div class=\"elementor-post__meta-data\">\n\t\t\t\t\t<span class=\"elementor-post-date\">\n\t\t\t21.12.2021\t\t<\/span>\n\t\t\t\t<\/div>\n\t\t\t\t\t<\/div>\n\t\t<\/article>\n\t\t\t\t<article class=\"elementor-post elementor-grid-item post-1743 post type-post status-publish format-standard has-post-thumbnail hentry category-yksityisleasing-artikkeli tag-testimoniaali\">\n\t\t\t<div class=\"elementor-post__card\">\n\t\t\t\t<a class=\"elementor-post__thumbnail__link\" href=\"https:\/\/atleaseprod.wpengine.com\/leasing\/yksityisleasing-artikkeli\/suosikki-suv-kiintealla-kuukausihinnalla-taman-verran-qashqai-maksaa-liisattuna\/\" tabindex=\"-1\" ><div class=\"elementor-post__thumbnail\"><img loading=\"lazy\" decoding=\"async\" width=\"500\" height=\"333\" src=\"https:\/\/atleaseprod.wpengine.com\/leasing\/wp-content\/uploads\/sites\/2\/2021\/11\/suosikki-suv-artikkelikuva.jpg\" class=\"attachment-medium_large size-medium_large wp-image-1744\" alt=\"\" srcset=\"https:\/\/atleaseprod.wpengine.com\/leasing\/wp-content\/uploads\/sites\/2\/2021\/11\/suosikki-suv-artikkelikuva.jpg 500w, https:\/\/atleaseprod.wpengine.com\/leasing\/wp-content\/uploads\/sites\/2\/2021\/11\/suosikki-suv-artikkelikuva-300x200.jpg 300w\" sizes=\"(max-width: 500px) 100vw, 500px\" \/><\/div><\/a>\n\t\t\t\t<div class=\"elementor-post__text\">\n\t\t\t\t<h3 class=\"elementor-post__title\">\n\t\t\t<a href=\"https:\/\/atleaseprod.wpengine.com\/leasing\/yksityisleasing-artikkeli\/suosikki-suv-kiintealla-kuukausihinnalla-taman-verran-qashqai-maksaa-liisattuna\/\" >\n\t\t\t\tSuosikki-SUV kiinte\u00e4ll\u00e4 kuukausihinnalla &#8211; t\u00e4m\u00e4n verran Qashqai maksaa liisattuna\t\t\t<\/a>\n\t\t<\/h3>\n\t\t\t\t<\/div>\n\t\t\t\t<div class=\"elementor-post__meta-data\">\n\t\t\t\t\t<span class=\"elementor-post-date\">\n\t\t\t22.11.2021\t\t<\/span>\n\t\t\t\t<\/div>\n\t\t\t\t\t<\/div>\n\t\t<\/article>\n\t\t\t\t<article class=\"elementor-post elementor-grid-item post-1737 post type-post status-publish format-standard has-post-thumbnail hentry category-yksityisleasing-artikkeli\">\n\t\t\t<div class=\"elementor-post__card\">\n\t\t\t\t<a class=\"elementor-post__thumbnail__link\" href=\"https:\/\/atleaseprod.wpengine.com\/leasing\/yksityisleasing-artikkeli\/mika-on-kaytetyn-15-000-e-ja-uuden-70-000-e-maasturin-hintaero-oikeasti-vain-300-e-kk\/\" tabindex=\"-1\" ><div class=\"elementor-post__thumbnail\"><img loading=\"lazy\" decoding=\"async\" width=\"500\" height=\"333\" src=\"https:\/\/atleaseprod.wpengine.com\/leasing\/wp-content\/uploads\/sites\/2\/2021\/11\/BMW_iX3-artikkelikuva.jpg\" class=\"attachment-medium_large size-medium_large wp-image-1739\" alt=\"\" srcset=\"https:\/\/atleaseprod.wpengine.com\/leasing\/wp-content\/uploads\/sites\/2\/2021\/11\/BMW_iX3-artikkelikuva.jpg 500w, https:\/\/atleaseprod.wpengine.com\/leasing\/wp-content\/uploads\/sites\/2\/2021\/11\/BMW_iX3-artikkelikuva-300x200.jpg 300w\" sizes=\"(max-width: 500px) 100vw, 500px\" \/><\/div><\/a>\n\t\t\t\t<div class=\"elementor-post__text\">\n\t\t\t\t<h3 class=\"elementor-post__title\">\n\t\t\t<a href=\"https:\/\/atleaseprod.wpengine.com\/leasing\/yksityisleasing-artikkeli\/mika-on-kaytetyn-15-000-e-ja-uuden-70-000-e-maasturin-hintaero-oikeasti-vain-300-e-kk\/\" >\n\t\t\t\tMik\u00e4 on k\u00e4ytetyn 15 000 e ja uuden 70 000 e maasturin hintaero &#8211; oikeasti vain 300 e\/kk\t\t\t<\/a>\n\t\t<\/h3>\n\t\t\t\t<\/div>\n\t\t\t\t<div class=\"elementor-post__meta-data\">\n\t\t\t\t\t<span class=\"elementor-post-date\">\n\t\t\t19.11.2021\t\t<\/span>\n\t\t\t\t<\/div>\n\t\t\t\t\t<\/div>\n\t\t<\/article>\n\t\t\t\t<article class=\"elementor-post elementor-grid-item post-1727 post type-post status-publish format-standard has-post-thumbnail hentry category-yksityisleasing-artikkeli\">\n\t\t\t<div class=\"elementor-post__card\">\n\t\t\t\t<a class=\"elementor-post__thumbnail__link\" href=\"https:\/\/atleaseprod.wpengine.com\/leasing\/yksityisleasing-artikkeli\/olisitko-uskonut-upouuden-perheauton-saa-vanhan-tilalle-satasella-kuussa-kertoo-laaja-kustannusvertailu\/\" tabindex=\"-1\" ><div class=\"elementor-post__thumbnail\"><img loading=\"lazy\" decoding=\"async\" width=\"500\" height=\"333\" src=\"https:\/\/atleaseprod.wpengine.com\/leasing\/wp-content\/uploads\/sites\/2\/2021\/11\/Volkswagen_ID3_artikkelikuva.jpg\" class=\"attachment-medium_large size-medium_large wp-image-1729\" alt=\"\" srcset=\"https:\/\/atleaseprod.wpengine.com\/leasing\/wp-content\/uploads\/sites\/2\/2021\/11\/Volkswagen_ID3_artikkelikuva.jpg 500w, https:\/\/atleaseprod.wpengine.com\/leasing\/wp-content\/uploads\/sites\/2\/2021\/11\/Volkswagen_ID3_artikkelikuva-300x200.jpg 300w\" sizes=\"(max-width: 500px) 100vw, 500px\" \/><\/div><\/a>\n\t\t\t\t<div class=\"elementor-post__text\">\n\t\t\t\t<h3 class=\"elementor-post__title\">\n\t\t\t<a href=\"https:\/\/atleaseprod.wpengine.com\/leasing\/yksityisleasing-artikkeli\/olisitko-uskonut-upouuden-perheauton-saa-vanhan-tilalle-satasella-kuussa-kertoo-laaja-kustannusvertailu\/\" >\n\t\t\t\tOlisitko uskonut: upouuden perheauton saa vanhan tilalle satasella kuussa, kertoo laaja kustannusvertailu\t\t\t<\/a>\n\t\t<\/h3>\n\t\t\t\t<\/div>\n\t\t\t\t<div class=\"elementor-post__meta-data\">\n\t\t\t\t\t<span class=\"elementor-post-date\">\n\t\t\t12.11.2021\t\t<\/span>\n\t\t\t\t<\/div>\n\t\t\t\t\t<\/div>\n\t\t<\/article>\n\t\t\t\t<article class=\"elementor-post elementor-grid-item post-1711 post type-post status-publish format-standard has-post-thumbnail hentry category-yksityisleasing-artikkeli\">\n\t\t\t<div class=\"elementor-post__card\">\n\t\t\t\t<a class=\"elementor-post__thumbnail__link\" href=\"https:\/\/atleaseprod.wpengine.com\/leasing\/yksityisleasing-artikkeli\/laaja-kustannusvertailu-uusista-ja-kaytetyista-autoista-onko-yksityisleasing-kaikista-edullisin\/\" tabindex=\"-1\" ><div class=\"elementor-post__thumbnail\"><img loading=\"lazy\" decoding=\"async\" width=\"500\" height=\"333\" src=\"https:\/\/atleaseprod.wpengine.com\/leasing\/wp-content\/uploads\/sites\/2\/2021\/10\/kia-rio-artikkelikuva.jpg\" class=\"attachment-medium_large size-medium_large wp-image-1712\" alt=\"\" srcset=\"https:\/\/atleaseprod.wpengine.com\/leasing\/wp-content\/uploads\/sites\/2\/2021\/10\/kia-rio-artikkelikuva.jpg 500w, https:\/\/atleaseprod.wpengine.com\/leasing\/wp-content\/uploads\/sites\/2\/2021\/10\/kia-rio-artikkelikuva-300x200.jpg 300w\" sizes=\"(max-width: 500px) 100vw, 500px\" \/><\/div><\/a>\n\t\t\t\t<div class=\"elementor-post__text\">\n\t\t\t\t<h3 class=\"elementor-post__title\">\n\t\t\t<a href=\"https:\/\/atleaseprod.wpengine.com\/leasing\/yksityisleasing-artikkeli\/laaja-kustannusvertailu-uusista-ja-kaytetyista-autoista-onko-yksityisleasing-kaikista-edullisin\/\" >\n\t\t\t\tLaaja kustannusvertailu uusista ja k\u00e4ytetyist\u00e4 autoista: Onko yksityisleasing kaikista edullisin?\t\t\t<\/a>\n\t\t<\/h3>\n\t\t\t\t<\/div>\n\t\t\t\t<div class=\"elementor-post__meta-data\">\n\t\t\t\t\t<span class=\"elementor-post-date\">\n\t\t\t14.10.2021\t\t<\/span>\n\t\t\t\t<\/div>\n\t\t\t\t\t<\/div>\n\t\t<\/article>\n\t\t\t\t<article class=\"elementor-post elementor-grid-item post-1707 post type-post status-publish format-standard has-post-thumbnail hentry category-yksityisleasing-artikkeli tag-testimoniaali\">\n\t\t\t<div class=\"elementor-post__card\">\n\t\t\t\t<a class=\"elementor-post__thumbnail__link\" href=\"https:\/\/atleaseprod.wpengine.com\/leasing\/yksityisleasing-artikkeli\/toyota-yaris-mokki-ja-marjamatkoille-yksityisleasing-tarjoaa-kepeaa-huolettomuutta\/\" tabindex=\"-1\" ><div class=\"elementor-post__thumbnail\"><img loading=\"lazy\" decoding=\"async\" width=\"500\" height=\"333\" src=\"https:\/\/atleaseprod.wpengine.com\/leasing\/wp-content\/uploads\/sites\/2\/2021\/10\/anne-eriksson-artikkelikuva.jpg\" class=\"attachment-medium_large size-medium_large wp-image-1708\" alt=\"\" srcset=\"https:\/\/atleaseprod.wpengine.com\/leasing\/wp-content\/uploads\/sites\/2\/2021\/10\/anne-eriksson-artikkelikuva.jpg 500w, https:\/\/atleaseprod.wpengine.com\/leasing\/wp-content\/uploads\/sites\/2\/2021\/10\/anne-eriksson-artikkelikuva-300x200.jpg 300w\" sizes=\"(max-width: 500px) 100vw, 500px\" \/><\/div><\/a>\n\t\t\t\t<div class=\"elementor-post__text\">\n\t\t\t\t<h3 class=\"elementor-post__title\">\n\t\t\t<a href=\"https:\/\/atleaseprod.wpengine.com\/leasing\/yksityisleasing-artikkeli\/toyota-yaris-mokki-ja-marjamatkoille-yksityisleasing-tarjoaa-kepeaa-huolettomuutta\/\" >\n\t\t\t\tToyota Yaris m\u00f6kki- ja marjamatkoille &#8211; yksityisleasing tarjoaa kepe\u00e4\u00e4 huolettomuutta\t\t\t<\/a>\n\t\t<\/h3>\n\t\t\t\t<\/div>\n\t\t\t\t<div class=\"elementor-post__meta-data\">\n\t\t\t\t\t<span class=\"elementor-post-date\">\n\t\t\t13.10.2021\t\t<\/span>\n\t\t\t\t<\/div>\n\t\t\t\t\t<\/div>\n\t\t<\/article>\n\t\t\t\t<article class=\"elementor-post elementor-grid-item post-1703 post type-post status-publish format-standard has-post-thumbnail hentry category-yksityisleasing-artikkeli tag-testimoniaali\">\n\t\t\t<div class=\"elementor-post__card\">\n\t\t\t\t<a class=\"elementor-post__thumbnail__link\" href=\"https:\/\/atleaseprod.wpengine.com\/leasing\/yksityisleasing-artikkeli\/ford-fiesta-yksityisleasingilla-ratkaisu-jattaa-pelivaraa-taloudenpitoon\/\" tabindex=\"-1\" ><div class=\"elementor-post__thumbnail\"><img loading=\"lazy\" decoding=\"async\" width=\"500\" height=\"333\" src=\"https:\/\/atleaseprod.wpengine.com\/leasing\/wp-content\/uploads\/sites\/2\/2021\/10\/paivi-raivio-artikkelikuva.jpg\" class=\"attachment-medium_large size-medium_large wp-image-1704\" alt=\"\" srcset=\"https:\/\/atleaseprod.wpengine.com\/leasing\/wp-content\/uploads\/sites\/2\/2021\/10\/paivi-raivio-artikkelikuva.jpg 500w, https:\/\/atleaseprod.wpengine.com\/leasing\/wp-content\/uploads\/sites\/2\/2021\/10\/paivi-raivio-artikkelikuva-300x200.jpg 300w\" sizes=\"(max-width: 500px) 100vw, 500px\" \/><\/div><\/a>\n\t\t\t\t<div class=\"elementor-post__text\">\n\t\t\t\t<h3 class=\"elementor-post__title\">\n\t\t\t<a href=\"https:\/\/atleaseprod.wpengine.com\/leasing\/yksityisleasing-artikkeli\/ford-fiesta-yksityisleasingilla-ratkaisu-jattaa-pelivaraa-taloudenpitoon\/\" >\n\t\t\t\tFord Fiesta yksityisleasingilla &#8211; ratkaisu j\u00e4tt\u00e4\u00e4 pelivaraa taloudenpitoon\t\t\t<\/a>\n\t\t<\/h3>\n\t\t\t\t<\/div>\n\t\t\t\t<div class=\"elementor-post__meta-data\">\n\t\t\t\t\t<span class=\"elementor-post-date\">\n\t\t\t12.10.2021\t\t<\/span>\n\t\t\t\t<\/div>\n\t\t\t\t\t<\/div>\n\t\t<\/article>\n\t\t\t\t<article class=\"elementor-post elementor-grid-item post-1694 post type-post status-publish format-standard has-post-thumbnail hentry category-yksityisleasing-artikkeli tag-testimoniaali\">\n\t\t\t<div class=\"elementor-post__card\">\n\t\t\t\t<a class=\"elementor-post__thumbnail__link\" href=\"https:\/\/atleaseprod.wpengine.com\/leasing\/yksityisleasing-artikkeli\/nissan-micra-ketteraan-kaupunkiajoon-yksityisleasing-antaa-aikaa-harkita-seuraavaa-autoa\/\" tabindex=\"-1\" ><div class=\"elementor-post__thumbnail\"><img loading=\"lazy\" decoding=\"async\" width=\"500\" height=\"333\" src=\"https:\/\/atleaseprod.wpengine.com\/leasing\/wp-content\/uploads\/sites\/2\/2021\/09\/nissan-micra-pale-artikkelikuva.jpg\" class=\"attachment-medium_large size-medium_large wp-image-1695\" alt=\"\" srcset=\"https:\/\/atleaseprod.wpengine.com\/leasing\/wp-content\/uploads\/sites\/2\/2021\/09\/nissan-micra-pale-artikkelikuva.jpg 500w, https:\/\/atleaseprod.wpengine.com\/leasing\/wp-content\/uploads\/sites\/2\/2021\/09\/nissan-micra-pale-artikkelikuva-300x200.jpg 300w\" sizes=\"(max-width: 500px) 100vw, 500px\" \/><\/div><\/a>\n\t\t\t\t<div class=\"elementor-post__text\">\n\t\t\t\t<h3 class=\"elementor-post__title\">\n\t\t\t<a href=\"https:\/\/atleaseprod.wpengine.com\/leasing\/yksityisleasing-artikkeli\/nissan-micra-ketteraan-kaupunkiajoon-yksityisleasing-antaa-aikaa-harkita-seuraavaa-autoa\/\" >\n\t\t\t\tNissan Micra ketter\u00e4\u00e4n kaupunkiajoon &#8211; yksityisleasing antaa aikaa harkita seuraavaa autoa\t\t\t<\/a>\n\t\t<\/h3>\n\t\t\t\t<\/div>\n\t\t\t\t<div class=\"elementor-post__meta-data\">\n\t\t\t\t\t<span class=\"elementor-post-date\">\n\t\t\t30.9.2021\t\t<\/span>\n\t\t\t\t<\/div>\n\t\t\t\t\t<\/div>\n\t\t<\/article>\n\t\t\t\t<article class=\"elementor-post elementor-grid-item post-1690 post type-post status-publish format-standard has-post-thumbnail hentry category-yksityisleasing-artikkeli tag-vertailu\">\n\t\t\t<div class=\"elementor-post__card\">\n\t\t\t\t<a class=\"elementor-post__thumbnail__link\" href=\"https:\/\/atleaseprod.wpengine.com\/leasing\/yksityisleasing-artikkeli\/tallainen-yksityisleasingauto-suomalaista-nyt-kiinnostaa-katso-suosituimmat-merkit-ja-mallit\/\" tabindex=\"-1\" ><div class=\"elementor-post__thumbnail\"><img loading=\"lazy\" decoding=\"async\" width=\"500\" height=\"333\" src=\"https:\/\/atleaseprod.wpengine.com\/leasing\/wp-content\/uploads\/sites\/2\/2021\/09\/XC40-yksityisleasing-artikkelikuva.jpg\" class=\"attachment-medium_large size-medium_large wp-image-1691\" alt=\"\" srcset=\"https:\/\/atleaseprod.wpengine.com\/leasing\/wp-content\/uploads\/sites\/2\/2021\/09\/XC40-yksityisleasing-artikkelikuva.jpg 500w, https:\/\/atleaseprod.wpengine.com\/leasing\/wp-content\/uploads\/sites\/2\/2021\/09\/XC40-yksityisleasing-artikkelikuva-300x200.jpg 300w\" sizes=\"(max-width: 500px) 100vw, 500px\" \/><\/div><\/a>\n\t\t\t\t<div class=\"elementor-post__text\">\n\t\t\t\t<h3 class=\"elementor-post__title\">\n\t\t\t<a href=\"https:\/\/atleaseprod.wpengine.com\/leasing\/yksityisleasing-artikkeli\/tallainen-yksityisleasingauto-suomalaista-nyt-kiinnostaa-katso-suosituimmat-merkit-ja-mallit\/\" >\n\t\t\t\tT\u00e4llainen yksityisleasingauto suomalaista nyt kiinnostaa \u2013 katso suosituimmat merkit ja mallit\t\t\t<\/a>\n\t\t<\/h3>\n\t\t\t\t<\/div>\n\t\t\t\t<div class=\"elementor-post__meta-data\">\n\t\t\t\t\t<span class=\"elementor-post-date\">\n\t\t\t21.9.2021\t\t<\/span>\n\t\t\t\t<\/div>\n\t\t\t\t\t<\/div>\n\t\t<\/article>\n\t\t\t\t<article class=\"elementor-post elementor-grid-item post-335 post type-post status-publish format-standard has-post-thumbnail hentry category-yksityisleasing-artikkeli tag-vertailu\">\n\t\t\t<div class=\"elementor-post__card\">\n\t\t\t\t<a class=\"elementor-post__thumbnail__link\" href=\"https:\/\/atleaseprod.wpengine.com\/leasing\/yksityisleasing-artikkeli\/oma-vai-leasing-kia-rio\/\" tabindex=\"-1\" ><div class=\"elementor-post__thumbnail\"><img loading=\"lazy\" decoding=\"async\" width=\"768\" height=\"299\" src=\"https:\/\/atleaseprod.wpengine.com\/leasing\/wp-content\/uploads\/sites\/2\/2020\/08\/oma-vai-leasing-kia-kohdesivu-1-768x299.jpg\" class=\"attachment-medium_large size-medium_large wp-image-336\" alt=\"\" srcset=\"https:\/\/atleaseprod.wpengine.com\/leasing\/wp-content\/uploads\/sites\/2\/2020\/08\/oma-vai-leasing-kia-kohdesivu-1-768x299.jpg 768w, https:\/\/atleaseprod.wpengine.com\/leasing\/wp-content\/uploads\/sites\/2\/2020\/08\/oma-vai-leasing-kia-kohdesivu-1-300x117.jpg 300w, https:\/\/atleaseprod.wpengine.com\/leasing\/wp-content\/uploads\/sites\/2\/2020\/08\/oma-vai-leasing-kia-kohdesivu-1-1024x398.jpg 1024w, https:\/\/atleaseprod.wpengine.com\/leasing\/wp-content\/uploads\/sites\/2\/2020\/08\/oma-vai-leasing-kia-kohdesivu-1-1536x597.jpg 1536w, https:\/\/atleaseprod.wpengine.com\/leasing\/wp-content\/uploads\/sites\/2\/2020\/08\/oma-vai-leasing-kia-kohdesivu-1.jpg 1800w\" sizes=\"(max-width: 768px) 100vw, 768px\" \/><\/div><\/a>\n\t\t\t\t<div class=\"elementor-post__text\">\n\t\t\t\t<h3 class=\"elementor-post__title\">\n\t\t\t<a href=\"https:\/\/atleaseprod.wpengine.com\/leasing\/yksityisleasing-artikkeli\/oma-vai-leasing-kia-rio\/\" >\n\t\t\t\tOma vai liisattu auto &#8211; kumpi tulee edullisemmaksi\t\t\t<\/a>\n\t\t<\/h3>\n\t\t\t\t<\/div>\n\t\t\t\t<div class=\"elementor-post__meta-data\">\n\t\t\t\t\t<span class=\"elementor-post-date\">\n\t\t\t13.8.2021\t\t<\/span>\n\t\t\t\t<\/div>\n\t\t\t\t\t<\/div>\n\t\t<\/article>\n\t\t\t\t<article class=\"elementor-post elementor-grid-item post-1542 post type-post status-publish format-standard has-post-thumbnail hentry category-yksityisleasing-artikkeli tag-vertailu\">\n\t\t\t<div class=\"elementor-post__card\">\n\t\t\t\t<a class=\"elementor-post__thumbnail__link\" href=\"https:\/\/atleaseprod.wpengine.com\/leasing\/yksityisleasing-artikkeli\/katso-kesan-kiinnostavimmat-yksityisleasing-diilit-uusi-auto-jopa-alle-200-e-kuukaudessa\/\" tabindex=\"-1\" ><div class=\"elementor-post__thumbnail\"><img loading=\"lazy\" decoding=\"async\" width=\"500\" height=\"333\" src=\"https:\/\/atleaseprod.wpengine.com\/leasing\/wp-content\/uploads\/sites\/2\/2021\/07\/kesadiilit-artikkelikuva.jpg\" class=\"attachment-medium_large size-medium_large wp-image-1543\" alt=\"\" srcset=\"https:\/\/atleaseprod.wpengine.com\/leasing\/wp-content\/uploads\/sites\/2\/2021\/07\/kesadiilit-artikkelikuva.jpg 500w, https:\/\/atleaseprod.wpengine.com\/leasing\/wp-content\/uploads\/sites\/2\/2021\/07\/kesadiilit-artikkelikuva-300x200.jpg 300w\" sizes=\"(max-width: 500px) 100vw, 500px\" \/><\/div><\/a>\n\t\t\t\t<div class=\"elementor-post__text\">\n\t\t\t\t<h3 class=\"elementor-post__title\">\n\t\t\t<a href=\"https:\/\/atleaseprod.wpengine.com\/leasing\/yksityisleasing-artikkeli\/katso-kesan-kiinnostavimmat-yksityisleasing-diilit-uusi-auto-jopa-alle-200-e-kuukaudessa\/\" >\n\t\t\t\tKatso kes\u00e4n kiinnostavimmat yksityisleasing-diilit &#8211; uusi auto jopa alle 200\u20ac kuukaudessa!\t\t\t<\/a>\n\t\t<\/h3>\n\t\t\t\t<\/div>\n\t\t\t\t<div class=\"elementor-post__meta-data\">\n\t\t\t\t\t<span class=\"elementor-post-date\">\n\t\t\t2.7.2021\t\t<\/span>\n\t\t\t\t<\/div>\n\t\t\t\t\t<\/div>\n\t\t<\/article>\n\t\t\t\t<article class=\"elementor-post elementor-grid-item post-1535 post type-post status-publish format-standard has-post-thumbnail hentry category-yksityisleasing-artikkeli\">\n\t\t\t<div class=\"elementor-post__card\">\n\t\t\t\t<a class=\"elementor-post__thumbnail__link\" href=\"https:\/\/atleaseprod.wpengine.com\/leasing\/yksityisleasing-artikkeli\/uskallanko-hankkia-uuden-auton\/\" tabindex=\"-1\" ><div class=\"elementor-post__thumbnail\"><img loading=\"lazy\" decoding=\"async\" width=\"500\" height=\"333\" src=\"https:\/\/atleaseprod.wpengine.com\/leasing\/wp-content\/uploads\/sites\/2\/2021\/06\/Autosalpa_Sopimus_Pekka_Thiem-artikkelikuva.jpg\" class=\"attachment-medium_large size-medium_large wp-image-1536\" alt=\"\" srcset=\"https:\/\/atleaseprod.wpengine.com\/leasing\/wp-content\/uploads\/sites\/2\/2021\/06\/Autosalpa_Sopimus_Pekka_Thiem-artikkelikuva.jpg 500w, https:\/\/atleaseprod.wpengine.com\/leasing\/wp-content\/uploads\/sites\/2\/2021\/06\/Autosalpa_Sopimus_Pekka_Thiem-artikkelikuva-300x200.jpg 300w\" sizes=\"(max-width: 500px) 100vw, 500px\" \/><\/div><\/a>\n\t\t\t\t<div class=\"elementor-post__text\">\n\t\t\t\t<h3 class=\"elementor-post__title\">\n\t\t\t<a href=\"https:\/\/atleaseprod.wpengine.com\/leasing\/yksityisleasing-artikkeli\/uskallanko-hankkia-uuden-auton\/\" >\n\t\t\t\tUskallanko hankkia uuden auton?\t\t\t<\/a>\n\t\t<\/h3>\n\t\t\t\t<\/div>\n\t\t\t\t<div class=\"elementor-post__meta-data\">\n\t\t\t\t\t<span class=\"elementor-post-date\">\n\t\t\t28.6.2021\t\t<\/span>\n\t\t\t\t<\/div>\n\t\t\t\t\t<\/div>\n\t\t<\/article>\n\t\t\t\t<article class=\"elementor-post elementor-grid-item post-1502 post type-post status-publish format-standard has-post-thumbnail hentry category-yksityisleasing-artikkeli tag-vertailu\">\n\t\t\t<div class=\"elementor-post__card\">\n\t\t\t\t<a class=\"elementor-post__thumbnail__link\" href=\"https:\/\/atleaseprod.wpengine.com\/leasing\/yksityisleasing-artikkeli\/helposti-hybridin-rattiin-mita-se-maksaa-ostamalla-tai-yksityisleasingilla\/\" tabindex=\"-1\" ><div class=\"elementor-post__thumbnail\"><img loading=\"lazy\" decoding=\"async\" width=\"500\" height=\"333\" src=\"https:\/\/atleaseprod.wpengine.com\/leasing\/wp-content\/uploads\/sites\/2\/2021\/06\/yaris-vertailu-artikkelikuva2.jpg\" class=\"attachment-medium_large size-medium_large wp-image-1539\" alt=\"\" srcset=\"https:\/\/atleaseprod.wpengine.com\/leasing\/wp-content\/uploads\/sites\/2\/2021\/06\/yaris-vertailu-artikkelikuva2.jpg 500w, https:\/\/atleaseprod.wpengine.com\/leasing\/wp-content\/uploads\/sites\/2\/2021\/06\/yaris-vertailu-artikkelikuva2-300x200.jpg 300w\" sizes=\"(max-width: 500px) 100vw, 500px\" \/><\/div><\/a>\n\t\t\t\t<div class=\"elementor-post__text\">\n\t\t\t\t<h3 class=\"elementor-post__title\">\n\t\t\t<a href=\"https:\/\/atleaseprod.wpengine.com\/leasing\/yksityisleasing-artikkeli\/helposti-hybridin-rattiin-mita-se-maksaa-ostamalla-tai-yksityisleasingilla\/\" >\n\t\t\t\tHelposti hybridin rattiin \u2013 mit\u00e4 se maksaa ostamalla tai yksityisleasingill\u00e4\t\t\t<\/a>\n\t\t<\/h3>\n\t\t\t\t<\/div>\n\t\t\t\t<div class=\"elementor-post__meta-data\">\n\t\t\t\t\t<span class=\"elementor-post-date\">\n\t\t\t2.6.2021\t\t<\/span>\n\t\t\t\t<\/div>\n\t\t\t\t\t<\/div>\n\t\t<\/article>\n\t\t\t\t<article class=\"elementor-post elementor-grid-item post-1488 post type-post status-publish format-standard has-post-thumbnail hentry category-yksityisleasing-artikkeli tag-vertailu\">\n\t\t\t<div class=\"elementor-post__card\">\n\t\t\t\t<a class=\"elementor-post__thumbnail__link\" href=\"https:\/\/atleaseprod.wpengine.com\/leasing\/yksityisleasing-artikkeli\/audi-omaksi-vai-kiintealla-kuukausihinnalla-kumpi-kannattaa\/\" tabindex=\"-1\" ><div class=\"elementor-post__thumbnail\"><img loading=\"lazy\" decoding=\"async\" width=\"500\" height=\"333\" src=\"https:\/\/atleaseprod.wpengine.com\/leasing\/wp-content\/uploads\/sites\/2\/2021\/05\/audi-vertailu-artikkelikuva.jpg\" class=\"attachment-medium_large size-medium_large wp-image-1489\" alt=\"\" srcset=\"https:\/\/atleaseprod.wpengine.com\/leasing\/wp-content\/uploads\/sites\/2\/2021\/05\/audi-vertailu-artikkelikuva.jpg 500w, https:\/\/atleaseprod.wpengine.com\/leasing\/wp-content\/uploads\/sites\/2\/2021\/05\/audi-vertailu-artikkelikuva-300x200.jpg 300w\" sizes=\"(max-width: 500px) 100vw, 500px\" \/><\/div><\/a>\n\t\t\t\t<div class=\"elementor-post__text\">\n\t\t\t\t<h3 class=\"elementor-post__title\">\n\t\t\t<a href=\"https:\/\/atleaseprod.wpengine.com\/leasing\/yksityisleasing-artikkeli\/audi-omaksi-vai-kiintealla-kuukausihinnalla-kumpi-kannattaa\/\" >\n\t\t\t\tAudi omaksi vai kiinte\u00e4ll\u00e4 kuukausihinnalla &#8211; kumpi kannattaa?\t\t\t<\/a>\n\t\t<\/h3>\n\t\t\t\t<\/div>\n\t\t\t\t<div class=\"elementor-post__meta-data\">\n\t\t\t\t\t<span class=\"elementor-post-date\">\n\t\t\t27.5.2021\t\t<\/span>\n\t\t\t\t<\/div>\n\t\t\t\t\t<\/div>\n\t\t<\/article>\n\t\t\t\t<article class=\"elementor-post elementor-grid-item post-1469 post type-post status-publish format-standard has-post-thumbnail hentry category-yksityisleasing-artikkeli\">\n\t\t\t<div class=\"elementor-post__card\">\n\t\t\t\t<a class=\"elementor-post__thumbnail__link\" href=\"https:\/\/atleaseprod.wpengine.com\/leasing\/yksityisleasing-artikkeli\/auto-jopa-alle-200e-kk-ilman-riskia-arvonalenemasta-olisiko-nyt-oikea-aika-tutustua-leasing-autoiluun\/\" tabindex=\"-1\" ><div class=\"elementor-post__thumbnail\"><img loading=\"lazy\" decoding=\"async\" width=\"500\" height=\"333\" src=\"https:\/\/atleaseprod.wpengine.com\/leasing\/wp-content\/uploads\/sites\/2\/2021\/04\/yksityisleasing-auto-jopa-alle-200-artikkelikuva.jpg\" class=\"attachment-medium_large size-medium_large wp-image-1470\" alt=\"\" srcset=\"https:\/\/atleaseprod.wpengine.com\/leasing\/wp-content\/uploads\/sites\/2\/2021\/04\/yksityisleasing-auto-jopa-alle-200-artikkelikuva.jpg 500w, https:\/\/atleaseprod.wpengine.com\/leasing\/wp-content\/uploads\/sites\/2\/2021\/04\/yksityisleasing-auto-jopa-alle-200-artikkelikuva-300x200.jpg 300w\" sizes=\"(max-width: 500px) 100vw, 500px\" \/><\/div><\/a>\n\t\t\t\t<div class=\"elementor-post__text\">\n\t\t\t\t<h3 class=\"elementor-post__title\">\n\t\t\t<a href=\"https:\/\/atleaseprod.wpengine.com\/leasing\/yksityisleasing-artikkeli\/auto-jopa-alle-200e-kk-ilman-riskia-arvonalenemasta-olisiko-nyt-oikea-aika-tutustua-leasing-autoiluun\/\" >\n\t\t\t\tAuto jopa alle 200\u20ac\/kk ilman riski\u00e4 arvonalenemasta \u2013 olisiko nyt oikea aika tutustua leasing-autoiluun?\t\t\t<\/a>\n\t\t<\/h3>\n\t\t\t\t<\/div>\n\t\t\t\t<div class=\"elementor-post__meta-data\">\n\t\t\t\t\t<span class=\"elementor-post-date\">\n\t\t\t29.4.2021\t\t<\/span>\n\t\t\t\t<\/div>\n\t\t\t\t\t<\/div>\n\t\t<\/article>\n\t\t\t\t<article class=\"elementor-post elementor-grid-item post-1452 post type-post status-publish format-standard has-post-thumbnail hentry category-yksityisleasing-artikkeli\">\n\t\t\t<div class=\"elementor-post__card\">\n\t\t\t\t<a class=\"elementor-post__thumbnail__link\" href=\"https:\/\/atleaseprod.wpengine.com\/leasing\/yksityisleasing-artikkeli\/millaisen-auton-voin-saada-ja-mita-se-maksaa-nain-toimii-yksityisleasing\/\" tabindex=\"-1\" ><div class=\"elementor-post__thumbnail\"><img loading=\"lazy\" decoding=\"async\" width=\"500\" height=\"333\" src=\"https:\/\/atleaseprod.wpengine.com\/leasing\/wp-content\/uploads\/sites\/2\/2021\/04\/nain-toimii-yksityisleasing-artikkelikuva.jpg\" class=\"attachment-medium_large size-medium_large wp-image-1453\" alt=\"\" srcset=\"https:\/\/atleaseprod.wpengine.com\/leasing\/wp-content\/uploads\/sites\/2\/2021\/04\/nain-toimii-yksityisleasing-artikkelikuva.jpg 500w, https:\/\/atleaseprod.wpengine.com\/leasing\/wp-content\/uploads\/sites\/2\/2021\/04\/nain-toimii-yksityisleasing-artikkelikuva-300x200.jpg 300w\" sizes=\"(max-width: 500px) 100vw, 500px\" \/><\/div><\/a>\n\t\t\t\t<div class=\"elementor-post__text\">\n\t\t\t\t<h3 class=\"elementor-post__title\">\n\t\t\t<a href=\"https:\/\/atleaseprod.wpengine.com\/leasing\/yksityisleasing-artikkeli\/millaisen-auton-voin-saada-ja-mita-se-maksaa-nain-toimii-yksityisleasing\/\" >\n\t\t\t\tN\u00e4in toimii yksityisleasing \u2013 vastasimme liisaajia askarruttaviin kysymyksiin\t\t\t<\/a>\n\t\t<\/h3>\n\t\t\t\t<\/div>\n\t\t\t\t<div class=\"elementor-post__meta-data\">\n\t\t\t\t\t<span class=\"elementor-post-date\">\n\t\t\t22.4.2021\t\t<\/span>\n\t\t\t\t<\/div>\n\t\t\t\t\t<\/div>\n\t\t<\/article>\n\t\t\t\t<article class=\"elementor-post elementor-grid-item post-1418 post type-post status-publish format-standard has-post-thumbnail hentry category-yksityisleasing-artikkeli\">\n\t\t\t<div class=\"elementor-post__card\">\n\t\t\t\t<a class=\"elementor-post__thumbnail__link\" href=\"https:\/\/atleaseprod.wpengine.com\/leasing\/yksityisleasing-artikkeli\/hankkisitko-seuraavan-autosi-kiintealla-kuukausihinnalla-5-vinkkia-yksityisleasingiin\/\" tabindex=\"-1\" ><div class=\"elementor-post__thumbnail\"><img loading=\"lazy\" decoding=\"async\" width=\"500\" height=\"332\" src=\"https:\/\/atleaseprod.wpengine.com\/leasing\/wp-content\/uploads\/sites\/2\/2021\/03\/BMW-X4-artikkelikuva.jpg\" class=\"attachment-medium_large size-medium_large wp-image-1419\" alt=\"\" srcset=\"https:\/\/atleaseprod.wpengine.com\/leasing\/wp-content\/uploads\/sites\/2\/2021\/03\/BMW-X4-artikkelikuva.jpg 500w, https:\/\/atleaseprod.wpengine.com\/leasing\/wp-content\/uploads\/sites\/2\/2021\/03\/BMW-X4-artikkelikuva-300x199.jpg 300w\" sizes=\"(max-width: 500px) 100vw, 500px\" \/><\/div><\/a>\n\t\t\t\t<div class=\"elementor-post__text\">\n\t\t\t\t<h3 class=\"elementor-post__title\">\n\t\t\t<a href=\"https:\/\/atleaseprod.wpengine.com\/leasing\/yksityisleasing-artikkeli\/hankkisitko-seuraavan-autosi-kiintealla-kuukausihinnalla-5-vinkkia-yksityisleasingiin\/\" >\n\t\t\t\tHankkisitko seuraavan autosi kiinte\u00e4ll\u00e4 kuukausihinnalla? 5 vinkki\u00e4 yksityisleasingiin\t\t\t<\/a>\n\t\t<\/h3>\n\t\t\t\t<\/div>\n\t\t\t\t<div class=\"elementor-post__meta-data\">\n\t\t\t\t\t<span class=\"elementor-post-date\">\n\t\t\t19.3.2021\t\t<\/span>\n\t\t\t\t<\/div>\n\t\t\t\t\t<\/div>\n\t\t<\/article>\n\t\t\t\t<article class=\"elementor-post elementor-grid-item post-1296 post type-post status-publish format-standard has-post-thumbnail hentry category-yksityisleasing-artikkeli\">\n\t\t\t<div class=\"elementor-post__card\">\n\t\t\t\t<a class=\"elementor-post__thumbnail__link\" href=\"https:\/\/atleaseprod.wpengine.com\/leasing\/yksityisleasing-artikkeli\/kiinnostaako-kuukausihintainen-autoilu-nama-olivat-viime-vuoden-himoituimmat-yksityisleasing-autot\/\" tabindex=\"-1\" ><div class=\"elementor-post__thumbnail\"><img loading=\"lazy\" decoding=\"async\" width=\"500\" height=\"333\" src=\"https:\/\/atleaseprod.wpengine.com\/leasing\/wp-content\/uploads\/sites\/2\/2021\/02\/yksityisleasing-koostejuttu-2020-artikkelikuva.jpg\" class=\"attachment-medium_large size-medium_large wp-image-1297\" alt=\"\" srcset=\"https:\/\/atleaseprod.wpengine.com\/leasing\/wp-content\/uploads\/sites\/2\/2021\/02\/yksityisleasing-koostejuttu-2020-artikkelikuva.jpg 500w, https:\/\/atleaseprod.wpengine.com\/leasing\/wp-content\/uploads\/sites\/2\/2021\/02\/yksityisleasing-koostejuttu-2020-artikkelikuva-300x200.jpg 300w\" sizes=\"(max-width: 500px) 100vw, 500px\" \/><\/div><\/a>\n\t\t\t\t<div class=\"elementor-post__text\">\n\t\t\t\t<h3 class=\"elementor-post__title\">\n\t\t\t<a href=\"https:\/\/atleaseprod.wpengine.com\/leasing\/yksityisleasing-artikkeli\/kiinnostaako-kuukausihintainen-autoilu-nama-olivat-viime-vuoden-himoituimmat-yksityisleasing-autot\/\" >\n\t\t\t\tKiinnostaako kuukausihintainen autoilu? N\u00e4m\u00e4 olivat viime vuoden himoituimmat yksityisleasing-autot\t\t\t<\/a>\n\t\t<\/h3>\n\t\t\t\t<\/div>\n\t\t\t\t<div class=\"elementor-post__meta-data\">\n\t\t\t\t\t<span class=\"elementor-post-date\">\n\t\t\t8.2.2021\t\t<\/span>\n\t\t\t\t<\/div>\n\t\t\t\t\t<\/div>\n\t\t<\/article>\n\t\t\t\t<article class=\"elementor-post elementor-grid-item post-1163 post type-post status-publish format-standard has-post-thumbnail hentry category-yksityisleasing-artikkeli\">\n\t\t\t<div class=\"elementor-post__card\">\n\t\t\t\t<a class=\"elementor-post__thumbnail__link\" href=\"https:\/\/atleaseprod.wpengine.com\/leasing\/yksityisleasing-artikkeli\/jarkeva-ja-edullinen-skodan-kaasu-katumaasturin-liisaaminen-yllattaa-hinnallaan\/\" tabindex=\"-1\" ><div class=\"elementor-post__thumbnail\"><img loading=\"lazy\" decoding=\"async\" width=\"500\" height=\"333\" src=\"https:\/\/atleaseprod.wpengine.com\/leasing\/wp-content\/uploads\/sites\/2\/2021\/01\/skoda-kamiq-artikkelikuva.jpg\" class=\"attachment-medium_large size-medium_large wp-image-1164\" alt=\"\" srcset=\"https:\/\/atleaseprod.wpengine.com\/leasing\/wp-content\/uploads\/sites\/2\/2021\/01\/skoda-kamiq-artikkelikuva.jpg 500w, https:\/\/atleaseprod.wpengine.com\/leasing\/wp-content\/uploads\/sites\/2\/2021\/01\/skoda-kamiq-artikkelikuva-300x200.jpg 300w\" sizes=\"(max-width: 500px) 100vw, 500px\" \/><\/div><\/a>\n\t\t\t\t<div class=\"elementor-post__text\">\n\t\t\t\t<h3 class=\"elementor-post__title\">\n\t\t\t<a href=\"https:\/\/atleaseprod.wpengine.com\/leasing\/yksityisleasing-artikkeli\/jarkeva-ja-edullinen-skodan-kaasu-katumaasturin-liisaaminen-yllattaa-hinnallaan\/\" >\n\t\t\t\tJ\u00e4rkev\u00e4 ja edullinen? Skodan kaasu-katumaasturin liisaaminen yll\u00e4tt\u00e4\u00e4 hinnallaan\t\t\t<\/a>\n\t\t<\/h3>\n\t\t\t\t<\/div>\n\t\t\t\t<div class=\"elementor-post__meta-data\">\n\t\t\t\t\t<span class=\"elementor-post-date\">\n\t\t\t5.1.2021\t\t<\/span>\n\t\t\t\t<\/div>\n\t\t\t\t\t<\/div>\n\t\t<\/article>\n\t\t\t\t<article class=\"elementor-post elementor-grid-item post-1160 post type-post status-publish format-standard has-post-thumbnail hentry category-yksityisleasing-artikkeli\">\n\t\t\t<div class=\"elementor-post__card\">\n\t\t\t\t<a class=\"elementor-post__thumbnail__link\" href=\"https:\/\/atleaseprod.wpengine.com\/leasing\/yksityisleasing-artikkeli\/taman-hetken-parhaat-leasingdiilit-listasimme-5-houkuttelevaa-esimerkkia-sahko-ja-hybridiautoista\/\" tabindex=\"-1\" ><div class=\"elementor-post__thumbnail\"><img loading=\"lazy\" decoding=\"async\" width=\"500\" height=\"333\" src=\"https:\/\/atleaseprod.wpengine.com\/leasing\/wp-content\/uploads\/sites\/2\/2021\/01\/volkswagen-id3-artikkelikuva.jpg\" class=\"attachment-medium_large size-medium_large wp-image-1161\" alt=\"\" srcset=\"https:\/\/atleaseprod.wpengine.com\/leasing\/wp-content\/uploads\/sites\/2\/2021\/01\/volkswagen-id3-artikkelikuva.jpg 500w, https:\/\/atleaseprod.wpengine.com\/leasing\/wp-content\/uploads\/sites\/2\/2021\/01\/volkswagen-id3-artikkelikuva-300x200.jpg 300w\" sizes=\"(max-width: 500px) 100vw, 500px\" \/><\/div><\/a>\n\t\t\t\t<div class=\"elementor-post__text\">\n\t\t\t\t<h3 class=\"elementor-post__title\">\n\t\t\t<a href=\"https:\/\/atleaseprod.wpengine.com\/leasing\/yksityisleasing-artikkeli\/taman-hetken-parhaat-leasingdiilit-listasimme-5-houkuttelevaa-esimerkkia-sahko-ja-hybridiautoista\/\" >\n\t\t\t\tT\u00e4m\u00e4n hetken parhaat leasingdiilit \u2013 listasimme 5 houkuttelevaa esimerkki\u00e4 s\u00e4hk\u00f6- ja hybridiautoista\t\t\t<\/a>\n\t\t<\/h3>\n\t\t\t\t<\/div>\n\t\t\t\t<div class=\"elementor-post__meta-data\">\n\t\t\t\t\t<span class=\"elementor-post-date\">\n\t\t\t5.1.2021\t\t<\/span>\n\t\t\t\t<\/div>\n\t\t\t\t\t<\/div>\n\t\t<\/article>\n\t\t\t\t<article class=\"elementor-post elementor-grid-item post-686 post type-post status-publish format-standard has-post-thumbnail hentry category-yksityisleasing-artikkeli tag-testimoniaali\">\n\t\t\t<div class=\"elementor-post__card\">\n\t\t\t\t<a class=\"elementor-post__thumbnail__link\" href=\"https:\/\/atleaseprod.wpengine.com\/leasing\/yksityisleasing-artikkeli\/skoda-kamiq-yksityisleasingilla\/\" tabindex=\"-1\" ><div class=\"elementor-post__thumbnail\"><img loading=\"lazy\" decoding=\"async\" width=\"500\" height=\"333\" src=\"https:\/\/atleaseprod.wpengine.com\/leasing\/wp-content\/uploads\/sites\/2\/2020\/10\/Leasing_Saarinen_Kamiq_-artikkelikuva.jpg\" class=\"attachment-medium_large size-medium_large wp-image-688\" alt=\"\" srcset=\"https:\/\/atleaseprod.wpengine.com\/leasing\/wp-content\/uploads\/sites\/2\/2020\/10\/Leasing_Saarinen_Kamiq_-artikkelikuva.jpg 500w, https:\/\/atleaseprod.wpengine.com\/leasing\/wp-content\/uploads\/sites\/2\/2020\/10\/Leasing_Saarinen_Kamiq_-artikkelikuva-300x200.jpg 300w\" sizes=\"(max-width: 500px) 100vw, 500px\" \/><\/div><\/a>\n\t\t\t\t<div class=\"elementor-post__text\">\n\t\t\t\t<h3 class=\"elementor-post__title\">\n\t\t\t<a href=\"https:\/\/atleaseprod.wpengine.com\/leasing\/yksityisleasing-artikkeli\/skoda-kamiq-yksityisleasingilla\/\" >\n\t\t\t\tSkoda Kamiq yksityisleasingilla\t\t\t<\/a>\n\t\t<\/h3>\n\t\t\t\t<\/div>\n\t\t\t\t<div class=\"elementor-post__meta-data\">\n\t\t\t\t\t<span class=\"elementor-post-date\">\n\t\t\t28.10.2020\t\t<\/span>\n\t\t\t\t<\/div>\n\t\t\t\t\t<\/div>\n\t\t<\/article>\n\t\t\t\t<article class=\"elementor-post elementor-grid-item post-514 post type-post status-publish format-standard has-post-thumbnail hentry category-yksityisleasing-artikkeli\">\n\t\t\t<div class=\"elementor-post__card\">\n\t\t\t\t<a class=\"elementor-post__thumbnail__link\" href=\"https:\/\/atleaseprod.wpengine.com\/leasing\/yksityisleasing-artikkeli\/kuten-turvallisessa-autoilussa-myos-autoilun-kustannuksissa-avainsana-on-ennakointi\/\" tabindex=\"-1\" ><div class=\"elementor-post__thumbnail\"><img loading=\"lazy\" decoding=\"async\" width=\"500\" height=\"333\" src=\"https:\/\/atleaseprod.wpengine.com\/leasing\/wp-content\/uploads\/sites\/2\/2020\/09\/nordea-auton-arvonelenama-artikkelikuva.jpg\" class=\"attachment-medium_large size-medium_large wp-image-517\" alt=\"\" srcset=\"https:\/\/atleaseprod.wpengine.com\/leasing\/wp-content\/uploads\/sites\/2\/2020\/09\/nordea-auton-arvonelenama-artikkelikuva.jpg 500w, https:\/\/atleaseprod.wpengine.com\/leasing\/wp-content\/uploads\/sites\/2\/2020\/09\/nordea-auton-arvonelenama-artikkelikuva-300x200.jpg 300w\" sizes=\"(max-width: 500px) 100vw, 500px\" \/><\/div><\/a>\n\t\t\t\t<div class=\"elementor-post__text\">\n\t\t\t\t<h3 class=\"elementor-post__title\">\n\t\t\t<a href=\"https:\/\/atleaseprod.wpengine.com\/leasing\/yksityisleasing-artikkeli\/kuten-turvallisessa-autoilussa-myos-autoilun-kustannuksissa-avainsana-on-ennakointi\/\" >\n\t\t\t\tKuten turvallisessa autoilussa, my\u00f6s autoilun kustannuksissa avainsana on ennakointi\t\t\t<\/a>\n\t\t<\/h3>\n\t\t\t\t<\/div>\n\t\t\t\t<div class=\"elementor-post__meta-data\">\n\t\t\t\t\t<span class=\"elementor-post-date\">\n\t\t\t21.9.2020\t\t<\/span>\n\t\t\t\t<\/div>\n\t\t\t\t\t<\/div>\n\t\t<\/article>\n\t\t\t\t<article class=\"elementor-post elementor-grid-item post-511 post type-post status-publish format-standard has-post-thumbnail hentry category-yksityisleasing-artikkeli\">\n\t\t\t<div class=\"elementor-post__card\">\n\t\t\t\t<a class=\"elementor-post__thumbnail__link\" href=\"https:\/\/atleaseprod.wpengine.com\/leasing\/yksityisleasing-artikkeli\/millaisella-kuukausieralla-kiinni-lataushybridiin\/\" tabindex=\"-1\" ><div class=\"elementor-post__thumbnail\"><img loading=\"lazy\" decoding=\"async\" width=\"500\" height=\"333\" src=\"https:\/\/atleaseprod.wpengine.com\/leasing\/wp-content\/uploads\/sites\/2\/2020\/09\/Volvo-XC40-artikkelikuva.jpg\" class=\"attachment-medium_large size-medium_large wp-image-518\" alt=\"\" srcset=\"https:\/\/atleaseprod.wpengine.com\/leasing\/wp-content\/uploads\/sites\/2\/2020\/09\/Volvo-XC40-artikkelikuva.jpg 500w, https:\/\/atleaseprod.wpengine.com\/leasing\/wp-content\/uploads\/sites\/2\/2020\/09\/Volvo-XC40-artikkelikuva-300x200.jpg 300w\" sizes=\"(max-width: 500px) 100vw, 500px\" \/><\/div><\/a>\n\t\t\t\t<div class=\"elementor-post__text\">\n\t\t\t\t<h3 class=\"elementor-post__title\">\n\t\t\t<a href=\"https:\/\/atleaseprod.wpengine.com\/leasing\/yksityisleasing-artikkeli\/millaisella-kuukausieralla-kiinni-lataushybridiin\/\" >\n\t\t\t\tMillaisella kuukausier\u00e4ll\u00e4 kiinni lataushybridiin\t\t\t<\/a>\n\t\t<\/h3>\n\t\t\t\t<\/div>\n\t\t\t\t<div class=\"elementor-post__meta-data\">\n\t\t\t\t\t<span class=\"elementor-post-date\">\n\t\t\t8.9.2020\t\t<\/span>\n\t\t\t\t<\/div>\n\t\t\t\t\t<\/div>\n\t\t<\/article>\n\t\t\t\t<article class=\"elementor-post elementor-grid-item post-253 post type-post status-publish format-standard has-post-thumbnail hentry category-yksityisleasing-artikkeli\">\n\t\t\t<div class=\"elementor-post__card\">\n\t\t\t\t<a class=\"elementor-post__thumbnail__link\" href=\"https:\/\/atleaseprod.wpengine.com\/leasing\/yksityisleasing-artikkeli\/rahanarvoinen-vinkki-autonhankintaan\/\" tabindex=\"-1\" ><div class=\"elementor-post__thumbnail\"><img loading=\"lazy\" decoding=\"async\" width=\"768\" height=\"512\" src=\"https:\/\/atleaseprod.wpengine.com\/leasing\/wp-content\/uploads\/sites\/2\/2020\/07\/Superb_iV_1_ORIG-768x512.jpg\" class=\"attachment-medium_large size-medium_large wp-image-255\" alt=\"\" srcset=\"https:\/\/atleaseprod.wpengine.com\/leasing\/wp-content\/uploads\/sites\/2\/2020\/07\/Superb_iV_1_ORIG-768x512.jpg 768w, https:\/\/atleaseprod.wpengine.com\/leasing\/wp-content\/uploads\/sites\/2\/2020\/07\/Superb_iV_1_ORIG-300x200.jpg 300w, https:\/\/atleaseprod.wpengine.com\/leasing\/wp-content\/uploads\/sites\/2\/2020\/07\/Superb_iV_1_ORIG.jpg 800w\" sizes=\"(max-width: 768px) 100vw, 768px\" \/><\/div><\/a>\n\t\t\t\t<div class=\"elementor-post__text\">\n\t\t\t\t<h3 class=\"elementor-post__title\">\n\t\t\t<a href=\"https:\/\/atleaseprod.wpengine.com\/leasing\/yksityisleasing-artikkeli\/rahanarvoinen-vinkki-autonhankintaan\/\" >\n\t\t\t\tRahanarvoinen ja yll\u00e4tt\u00e4v\u00e4 vinkki autonhankintaan\t\t\t<\/a>\n\t\t<\/h3>\n\t\t\t\t<\/div>\n\t\t\t\t<div class=\"elementor-post__meta-data\">\n\t\t\t\t\t<span class=\"elementor-post-date\">\n\t\t\t30.6.2020\t\t<\/span>\n\t\t\t\t<\/div>\n\t\t\t\t\t<\/div>\n\t\t<\/article>\n\t\t\t\t<article class=\"elementor-post elementor-grid-item post-117 post type-post status-publish format-standard has-post-thumbnail hentry category-yksityisleasing-artikkeli\">\n\t\t\t<div class=\"elementor-post__card\">\n\t\t\t\t<a class=\"elementor-post__thumbnail__link\" href=\"https:\/\/atleaseprod.wpengine.com\/leasing\/yksityisleasing-artikkeli\/onko-vaihtoleasing-melkeinpa-liian-hyvaa-ollakseen-totta\/\" tabindex=\"-1\" ><div class=\"elementor-post__thumbnail\"><img loading=\"lazy\" decoding=\"async\" width=\"768\" height=\"299\" src=\"https:\/\/atleaseprod.wpengine.com\/leasing\/wp-content\/uploads\/sites\/2\/2020\/06\/hyundai_ioniq_hybrid2-1800x700-tummennettu-768x299.jpg\" class=\"attachment-medium_large size-medium_large wp-image-103\" alt=\"\" srcset=\"https:\/\/atleaseprod.wpengine.com\/leasing\/wp-content\/uploads\/sites\/2\/2020\/06\/hyundai_ioniq_hybrid2-1800x700-tummennettu-768x299.jpg 768w, https:\/\/atleaseprod.wpengine.com\/leasing\/wp-content\/uploads\/sites\/2\/2020\/06\/hyundai_ioniq_hybrid2-1800x700-tummennettu-300x117.jpg 300w, https:\/\/atleaseprod.wpengine.com\/leasing\/wp-content\/uploads\/sites\/2\/2020\/06\/hyundai_ioniq_hybrid2-1800x700-tummennettu-1024x398.jpg 1024w, https:\/\/atleaseprod.wpengine.com\/leasing\/wp-content\/uploads\/sites\/2\/2020\/06\/hyundai_ioniq_hybrid2-1800x700-tummennettu-1536x597.jpg 1536w, https:\/\/atleaseprod.wpengine.com\/leasing\/wp-content\/uploads\/sites\/2\/2020\/06\/hyundai_ioniq_hybrid2-1800x700-tummennettu.jpg 1800w\" sizes=\"(max-width: 768px) 100vw, 768px\" \/><\/div><\/a>\n\t\t\t\t<div class=\"elementor-post__text\">\n\t\t\t\t<h3 class=\"elementor-post__title\">\n\t\t\t<a href=\"https:\/\/atleaseprod.wpengine.com\/leasing\/yksityisleasing-artikkeli\/onko-vaihtoleasing-melkeinpa-liian-hyvaa-ollakseen-totta\/\" >\n\t\t\t\tOnko vaihtoleasing melkeinp\u00e4 liian hyv\u00e4\u00e4 ollakseen totta\t\t\t<\/a>\n\t\t<\/h3>\n\t\t\t\t<\/div>\n\t\t\t\t<div class=\"elementor-post__meta-data\">\n\t\t\t\t\t<span class=\"elementor-post-date\">\n\t\t\t16.3.2020\t\t<\/span>\n\t\t\t\t<\/div>\n\t\t\t\t\t<\/div>\n\t\t<\/article>\n\t\t\t\t<article class=\"elementor-post elementor-grid-item post-25 post type-post status-publish format-standard has-post-thumbnail hentry category-yksityisleasing-artikkeli\">\n\t\t\t<div class=\"elementor-post__card\">\n\t\t\t\t<a class=\"elementor-post__thumbnail__link\" href=\"https:\/\/atleaseprod.wpengine.com\/leasing\/yksityisleasing-artikkeli\/kannattaisiko-auto-liisata-listasimme-5-houkuttelevaa-leasingloytoa\/\" tabindex=\"-1\" ><div class=\"elementor-post__thumbnail\"><img loading=\"lazy\" decoding=\"async\" width=\"768\" height=\"291\" src=\"https:\/\/atleaseprod.wpengine.com\/leasing\/wp-content\/uploads\/sites\/2\/2020\/06\/5-houkuttelevaa-leasing-loytoa-kohdesivu-768x291.jpg\" class=\"attachment-medium_large size-medium_large wp-image-102\" alt=\"\" srcset=\"https:\/\/atleaseprod.wpengine.com\/leasing\/wp-content\/uploads\/sites\/2\/2020\/06\/5-houkuttelevaa-leasing-loytoa-kohdesivu-768x291.jpg 768w, https:\/\/atleaseprod.wpengine.com\/leasing\/wp-content\/uploads\/sites\/2\/2020\/06\/5-houkuttelevaa-leasing-loytoa-kohdesivu-300x114.jpg 300w, https:\/\/atleaseprod.wpengine.com\/leasing\/wp-content\/uploads\/sites\/2\/2020\/06\/5-houkuttelevaa-leasing-loytoa-kohdesivu-1024x389.jpg 1024w, https:\/\/atleaseprod.wpengine.com\/leasing\/wp-content\/uploads\/sites\/2\/2020\/06\/5-houkuttelevaa-leasing-loytoa-kohdesivu-1536x583.jpg 1536w, https:\/\/atleaseprod.wpengine.com\/leasing\/wp-content\/uploads\/sites\/2\/2020\/06\/5-houkuttelevaa-leasing-loytoa-kohdesivu.jpg 1800w\" sizes=\"(max-width: 768px) 100vw, 768px\" \/><\/div><\/a>\n\t\t\t\t<div class=\"elementor-post__text\">\n\t\t\t\t<h3 class=\"elementor-post__title\">\n\t\t\t<a href=\"https:\/\/atleaseprod.wpengine.com\/leasing\/yksityisleasing-artikkeli\/kannattaisiko-auto-liisata-listasimme-5-houkuttelevaa-leasingloytoa\/\" >\n\t\t\t\tKannattaisiko auto liisata? Listasimme 5 houkuttelevaa leasing&#8230;\t\t\t<\/a>\n\t\t<\/h3>\n\t\t\t\t<\/div>\n\t\t\t\t<div class=\"elementor-post__meta-data\">\n\t\t\t\t\t<span class=\"elementor-post-date\">\n\t\t\t16.12.2019\t\t<\/span>\n\t\t\t\t<\/div>\n\t\t\t\t\t<\/div>\n\t\t<\/article>\n\t\t\t\t<article class=\"elementor-post elementor-grid-item post-118 post type-post status-publish format-standard has-post-thumbnail hentry category-yksityisleasing-artikkeli tag-testimoniaali\">\n\t\t\t<div class=\"elementor-post__card\">\n\t\t\t\t<a class=\"elementor-post__thumbnail__link\" href=\"https:\/\/atleaseprod.wpengine.com\/leasing\/yksityisleasing-artikkeli\/kaupanpaallisena-1500-euron-arvosta-polttoainetta\/\" tabindex=\"-1\" ><div class=\"elementor-post__thumbnail\"><img loading=\"lazy\" decoding=\"async\" width=\"768\" height=\"491\" src=\"https:\/\/atleaseprod.wpengine.com\/leasing\/wp-content\/uploads\/sites\/2\/2020\/06\/seat-ja-leena-768x491.jpg\" class=\"attachment-medium_large size-medium_large wp-image-101\" alt=\"\" srcset=\"https:\/\/atleaseprod.wpengine.com\/leasing\/wp-content\/uploads\/sites\/2\/2020\/06\/seat-ja-leena-768x491.jpg 768w, https:\/\/atleaseprod.wpengine.com\/leasing\/wp-content\/uploads\/sites\/2\/2020\/06\/seat-ja-leena-300x192.jpg 300w, https:\/\/atleaseprod.wpengine.com\/leasing\/wp-content\/uploads\/sites\/2\/2020\/06\/seat-ja-leena.jpg 800w\" sizes=\"(max-width: 768px) 100vw, 768px\" \/><\/div><\/a>\n\t\t\t\t<div class=\"elementor-post__text\">\n\t\t\t\t<h3 class=\"elementor-post__title\">\n\t\t\t<a href=\"https:\/\/atleaseprod.wpengine.com\/leasing\/yksityisleasing-artikkeli\/kaupanpaallisena-1500-euron-arvosta-polttoainetta\/\" >\n\t\t\t\tKaupanp\u00e4\u00e4llisen\u00e4 1500 euron arvosta polttoainetta\t\t\t<\/a>\n\t\t<\/h3>\n\t\t\t\t<\/div>\n\t\t\t\t<div class=\"elementor-post__meta-data\">\n\t\t\t\t\t<span class=\"elementor-post-date\">\n\t\t\t20.9.2019\t\t<\/span>\n\t\t\t\t<\/div>\n\t\t\t\t\t<\/div>\n\t\t<\/article>\n\t\t\t\t<article class=\"elementor-post elementor-grid-item post-256 post type-post status-publish format-standard has-post-thumbnail hentry category-yksityisleasing-artikkeli\">\n\t\t\t<div class=\"elementor-post__card\">\n\t\t\t\t<a class=\"elementor-post__thumbnail__link\" href=\"https:\/\/atleaseprod.wpengine.com\/leasing\/yksityisleasing-artikkeli\/taman-hetken-paras-tapa-hankkia-auto\/\" tabindex=\"-1\" ><div class=\"elementor-post__thumbnail\"><img loading=\"lazy\" decoding=\"async\" width=\"768\" height=\"511\" src=\"https:\/\/atleaseprod.wpengine.com\/leasing\/wp-content\/uploads\/sites\/2\/2020\/07\/parastapahankkiaauto-768x511.jpg\" class=\"attachment-medium_large size-medium_large wp-image-258\" alt=\"\" srcset=\"https:\/\/atleaseprod.wpengine.com\/leasing\/wp-content\/uploads\/sites\/2\/2020\/07\/parastapahankkiaauto-768x511.jpg 768w, https:\/\/atleaseprod.wpengine.com\/leasing\/wp-content\/uploads\/sites\/2\/2020\/07\/parastapahankkiaauto-300x200.jpg 300w, https:\/\/atleaseprod.wpengine.com\/leasing\/wp-content\/uploads\/sites\/2\/2020\/07\/parastapahankkiaauto.jpg 969w\" sizes=\"(max-width: 768px) 100vw, 768px\" \/><\/div><\/a>\n\t\t\t\t<div class=\"elementor-post__text\">\n\t\t\t\t<h3 class=\"elementor-post__title\">\n\t\t\t<a href=\"https:\/\/atleaseprod.wpengine.com\/leasing\/yksityisleasing-artikkeli\/taman-hetken-paras-tapa-hankkia-auto\/\" >\n\t\t\t\tT\u00e4m\u00e4n hetken paras tapa hankkia auto?\t\t\t<\/a>\n\t\t<\/h3>\n\t\t\t\t<\/div>\n\t\t\t\t<div class=\"elementor-post__meta-data\">\n\t\t\t\t\t<span class=\"elementor-post-date\">\n\t\t\t20.8.2019\t\t<\/span>\n\t\t\t\t<\/div>\n\t\t\t\t\t<\/div>\n\t\t<\/article>\n\t\t\t\t<article class=\"elementor-post elementor-grid-item post-261 post type-post status-publish format-standard has-post-thumbnail hentry category-yksityisleasing-artikkeli\">\n\t\t\t<div class=\"elementor-post__card\">\n\t\t\t\t<a class=\"elementor-post__thumbnail__link\" href=\"https:\/\/atleaseprod.wpengine.com\/leasing\/yksityisleasing-artikkeli\/hintavertailu-yllatti\/\" tabindex=\"-1\" ><div class=\"elementor-post__thumbnail\"><img loading=\"lazy\" decoding=\"async\" width=\"768\" height=\"512\" src=\"https:\/\/atleaseprod.wpengine.com\/leasing\/wp-content\/uploads\/sites\/2\/2020\/07\/parashintalaatu-768x512.jpg\" class=\"attachment-medium_large size-medium_large wp-image-257\" alt=\"\" srcset=\"https:\/\/atleaseprod.wpengine.com\/leasing\/wp-content\/uploads\/sites\/2\/2020\/07\/parashintalaatu-768x512.jpg 768w, https:\/\/atleaseprod.wpengine.com\/leasing\/wp-content\/uploads\/sites\/2\/2020\/07\/parashintalaatu-300x200.jpg 300w, https:\/\/atleaseprod.wpengine.com\/leasing\/wp-content\/uploads\/sites\/2\/2020\/07\/parashintalaatu.jpg 969w\" sizes=\"(max-width: 768px) 100vw, 768px\" \/><\/div><\/a>\n\t\t\t\t<div class=\"elementor-post__text\">\n\t\t\t\t<h3 class=\"elementor-post__title\">\n\t\t\t<a href=\"https:\/\/atleaseprod.wpengine.com\/leasing\/yksityisleasing-artikkeli\/hintavertailu-yllatti\/\" >\n\t\t\t\tHintavertailu yll\u00e4tti &#8211; n\u00e4in saat yksityisleasingautolle parhaan hinta-laatusuhteen\t\t\t<\/a>\n\t\t<\/h3>\n\t\t\t\t<\/div>\n\t\t\t\t<div class=\"elementor-post__meta-data\">\n\t\t\t\t\t<span class=\"elementor-post-date\">\n\t\t\t2.7.2019\t\t<\/span>\n\t\t\t\t<\/div>\n\t\t\t\t\t<\/div>\n\t\t<\/article>\n\t\t\t\t<article class=\"elementor-post elementor-grid-item post-333 post type-post status-publish format-standard has-post-thumbnail hentry category-yksityisleasing-artikkeli tag-testimoniaali\">\n\t\t\t<div class=\"elementor-post__card\">\n\t\t\t\t<a class=\"elementor-post__thumbnail__link\" href=\"https:\/\/atleaseprod.wpengine.com\/leasing\/yksityisleasing-artikkeli\/aino-keksi-tavan-maksaa-autoa-itselleen-ilman-riskeja-ja-nollakorolla\/\" tabindex=\"-1\" ><div class=\"elementor-post__thumbnail\"><img loading=\"lazy\" decoding=\"async\" width=\"768\" height=\"299\" src=\"https:\/\/atleaseprod.wpengine.com\/leasing\/wp-content\/uploads\/sites\/2\/2020\/08\/aino-alppi-ja-ford2-768x299.jpg\" class=\"attachment-medium_large size-medium_large wp-image-334\" alt=\"\" srcset=\"https:\/\/atleaseprod.wpengine.com\/leasing\/wp-content\/uploads\/sites\/2\/2020\/08\/aino-alppi-ja-ford2-768x299.jpg 768w, https:\/\/atleaseprod.wpengine.com\/leasing\/wp-content\/uploads\/sites\/2\/2020\/08\/aino-alppi-ja-ford2-300x117.jpg 300w, https:\/\/atleaseprod.wpengine.com\/leasing\/wp-content\/uploads\/sites\/2\/2020\/08\/aino-alppi-ja-ford2-1024x398.jpg 1024w, https:\/\/atleaseprod.wpengine.com\/leasing\/wp-content\/uploads\/sites\/2\/2020\/08\/aino-alppi-ja-ford2-1536x597.jpg 1536w, https:\/\/atleaseprod.wpengine.com\/leasing\/wp-content\/uploads\/sites\/2\/2020\/08\/aino-alppi-ja-ford2.jpg 1800w\" sizes=\"(max-width: 768px) 100vw, 768px\" \/><\/div><\/a>\n\t\t\t\t<div class=\"elementor-post__text\">\n\t\t\t\t<h3 class=\"elementor-post__title\">\n\t\t\t<a href=\"https:\/\/atleaseprod.wpengine.com\/leasing\/yksityisleasing-artikkeli\/aino-keksi-tavan-maksaa-autoa-itselleen-ilman-riskeja-ja-nollakorolla\/\" >\n\t\t\t\tAino keksi tavan maksaa autoa itselleen ilman riskej\u00e4 ja nollakorolla\t\t\t<\/a>\n\t\t<\/h3>\n\t\t\t\t<\/div>\n\t\t\t\t<div class=\"elementor-post__meta-data\">\n\t\t\t\t\t<span class=\"elementor-post-date\">\n\t\t\t1.7.2019\t\t<\/span>\n\t\t\t\t<\/div>\n\t\t\t\t\t<\/div>\n\t\t<\/article>\n\t\t\t\t<article class=\"elementor-post elementor-grid-item post-351 post type-post status-publish format-standard has-post-thumbnail hentry category-yksityisleasing-artikkeli\">\n\t\t\t<div class=\"elementor-post__card\">\n\t\t\t\t<a class=\"elementor-post__thumbnail__link\" href=\"https:\/\/atleaseprod.wpengine.com\/leasing\/yksityisleasing-artikkeli\/kaytetty-auto-ilman-riskeja\/\" tabindex=\"-1\" ><div class=\"elementor-post__thumbnail\"><img loading=\"lazy\" decoding=\"async\" width=\"768\" height=\"299\" src=\"https:\/\/atleaseprod.wpengine.com\/leasing\/wp-content\/uploads\/sites\/2\/2020\/08\/vaihtoleasing-kohdesivu-768x299.jpg\" class=\"attachment-medium_large size-medium_large wp-image-352\" alt=\"\" srcset=\"https:\/\/atleaseprod.wpengine.com\/leasing\/wp-content\/uploads\/sites\/2\/2020\/08\/vaihtoleasing-kohdesivu-768x299.jpg 768w, https:\/\/atleaseprod.wpengine.com\/leasing\/wp-content\/uploads\/sites\/2\/2020\/08\/vaihtoleasing-kohdesivu-300x117.jpg 300w, https:\/\/atleaseprod.wpengine.com\/leasing\/wp-content\/uploads\/sites\/2\/2020\/08\/vaihtoleasing-kohdesivu-1024x398.jpg 1024w, https:\/\/atleaseprod.wpengine.com\/leasing\/wp-content\/uploads\/sites\/2\/2020\/08\/vaihtoleasing-kohdesivu-1536x597.jpg 1536w, https:\/\/atleaseprod.wpengine.com\/leasing\/wp-content\/uploads\/sites\/2\/2020\/08\/vaihtoleasing-kohdesivu.jpg 1800w\" sizes=\"(max-width: 768px) 100vw, 768px\" \/><\/div><\/a>\n\t\t\t\t<div class=\"elementor-post__text\">\n\t\t\t\t<h3 class=\"elementor-post__title\">\n\t\t\t<a href=\"https:\/\/atleaseprod.wpengine.com\/leasing\/yksityisleasing-artikkeli\/kaytetty-auto-ilman-riskeja\/\" >\n\t\t\t\tVaihtoleasing yll\u00e4tti suosiollaan\t\t\t<\/a>\n\t\t<\/h3>\n\t\t\t\t<\/div>\n\t\t\t\t<div class=\"elementor-post__meta-data\">\n\t\t\t\t\t<span class=\"elementor-post-date\">\n\t\t\t30.4.2019\t\t<\/span>\n\t\t\t\t<\/div>\n\t\t\t\t\t<\/div>\n\t\t<\/article>\n\t\t\t\t<article class=\"elementor-post elementor-grid-item post-337 post type-post status-publish format-standard has-post-thumbnail hentry category-yksityisleasing-artikkeli tag-testimoniaali\">\n\t\t\t<div class=\"elementor-post__card\">\n\t\t\t\t<a class=\"elementor-post__thumbnail__link\" href=\"https:\/\/atleaseprod.wpengine.com\/leasing\/yksityisleasing-artikkeli\/yrjo-maksaa-hybridi-toyotasta-nyt-vain-199e-kk\/\" tabindex=\"-1\" ><div class=\"elementor-post__thumbnail\"><img loading=\"lazy\" decoding=\"async\" width=\"768\" height=\"299\" src=\"https:\/\/atleaseprod.wpengine.com\/leasing\/wp-content\/uploads\/sites\/2\/2020\/08\/toyota-auris-hybrid-testimoniaali2-768x299.jpg\" class=\"attachment-medium_large size-medium_large wp-image-338\" alt=\"\" srcset=\"https:\/\/atleaseprod.wpengine.com\/leasing\/wp-content\/uploads\/sites\/2\/2020\/08\/toyota-auris-hybrid-testimoniaali2-768x299.jpg 768w, https:\/\/atleaseprod.wpengine.com\/leasing\/wp-content\/uploads\/sites\/2\/2020\/08\/toyota-auris-hybrid-testimoniaali2-300x117.jpg 300w, https:\/\/atleaseprod.wpengine.com\/leasing\/wp-content\/uploads\/sites\/2\/2020\/08\/toyota-auris-hybrid-testimoniaali2-1024x398.jpg 1024w, https:\/\/atleaseprod.wpengine.com\/leasing\/wp-content\/uploads\/sites\/2\/2020\/08\/toyota-auris-hybrid-testimoniaali2-1536x597.jpg 1536w, https:\/\/atleaseprod.wpengine.com\/leasing\/wp-content\/uploads\/sites\/2\/2020\/08\/toyota-auris-hybrid-testimoniaali2.jpg 1800w\" sizes=\"(max-width: 768px) 100vw, 768px\" \/><\/div><\/a>\n\t\t\t\t<div class=\"elementor-post__text\">\n\t\t\t\t<h3 class=\"elementor-post__title\">\n\t\t\t<a href=\"https:\/\/atleaseprod.wpengine.com\/leasing\/yksityisleasing-artikkeli\/yrjo-maksaa-hybridi-toyotasta-nyt-vain-199e-kk\/\" >\n\t\t\t\tYrj\u00f6 maksaa hybridi-Toyotasta nyt vain 199\u20ac\/kk\t\t\t<\/a>\n\t\t<\/h3>\n\t\t\t\t<\/div>\n\t\t\t\t<div class=\"elementor-post__meta-data\">\n\t\t\t\t\t<span class=\"elementor-post-date\">\n\t\t\t29.4.2019\t\t<\/span>\n\t\t\t\t<\/div>\n\t\t\t\t\t<\/div>\n\t\t<\/article>\n\t\t\t\t<article class=\"elementor-post elementor-grid-item post-353 post type-post status-publish format-standard has-post-thumbnail hentry category-yksityisleasing-artikkeli tag-testimoniaali\">\n\t\t\t<div class=\"elementor-post__card\">\n\t\t\t\t<a class=\"elementor-post__thumbnail__link\" href=\"https:\/\/atleaseprod.wpengine.com\/leasing\/yksityisleasing-artikkeli\/sahkoauto-ilman-riskeja\/\" tabindex=\"-1\" ><div class=\"elementor-post__thumbnail\"><img loading=\"lazy\" decoding=\"async\" width=\"768\" height=\"299\" src=\"https:\/\/atleaseprod.wpengine.com\/leasing\/wp-content\/uploads\/sites\/2\/2020\/08\/alin-sahkoauto-kohdesivu2-768x299.jpg\" class=\"attachment-medium_large size-medium_large wp-image-354\" alt=\"\" srcset=\"https:\/\/atleaseprod.wpengine.com\/leasing\/wp-content\/uploads\/sites\/2\/2020\/08\/alin-sahkoauto-kohdesivu2-768x299.jpg 768w, https:\/\/atleaseprod.wpengine.com\/leasing\/wp-content\/uploads\/sites\/2\/2020\/08\/alin-sahkoauto-kohdesivu2-300x117.jpg 300w, https:\/\/atleaseprod.wpengine.com\/leasing\/wp-content\/uploads\/sites\/2\/2020\/08\/alin-sahkoauto-kohdesivu2-1024x398.jpg 1024w, https:\/\/atleaseprod.wpengine.com\/leasing\/wp-content\/uploads\/sites\/2\/2020\/08\/alin-sahkoauto-kohdesivu2-1536x597.jpg 1536w, https:\/\/atleaseprod.wpengine.com\/leasing\/wp-content\/uploads\/sites\/2\/2020\/08\/alin-sahkoauto-kohdesivu2.jpg 1800w\" sizes=\"(max-width: 768px) 100vw, 768px\" \/><\/div><\/a>\n\t\t\t\t<div class=\"elementor-post__text\">\n\t\t\t\t<h3 class=\"elementor-post__title\">\n\t\t\t<a href=\"https:\/\/atleaseprod.wpengine.com\/leasing\/yksityisleasing-artikkeli\/sahkoauto-ilman-riskeja\/\" >\n\t\t\t\tS\u00e4hk\u00f6auto ilman riskej\u00e4 yksityisleasingilla\t\t\t<\/a>\n\t\t<\/h3>\n\t\t\t\t<\/div>\n\t\t\t\t<div class=\"elementor-post__meta-data\">\n\t\t\t\t\t<span class=\"elementor-post-date\">\n\t\t\t19.3.2019\t\t<\/span>\n\t\t\t\t<\/div>\n\t\t\t\t\t<\/div>\n\t\t<\/article>\n\t\t\t\t<article class=\"elementor-post elementor-grid-item post-360 post type-post status-publish format-standard has-post-thumbnail hentry category-yksityisleasing-artikkeli\">\n\t\t\t<div class=\"elementor-post__card\">\n\t\t\t\t<a class=\"elementor-post__thumbnail__link\" href=\"https:\/\/atleaseprod.wpengine.com\/leasing\/yksityisleasing-artikkeli\/yksityisleasingin-suosituimmat-automerkit\/\" tabindex=\"-1\" ><div class=\"elementor-post__thumbnail\"><img loading=\"lazy\" decoding=\"async\" width=\"768\" height=\"299\" src=\"https:\/\/atleaseprod.wpengine.com\/leasing\/wp-content\/uploads\/sites\/2\/2020\/08\/yksityisleasing-jaguar-768x299.jpg\" class=\"attachment-medium_large size-medium_large wp-image-361\" alt=\"\" srcset=\"https:\/\/atleaseprod.wpengine.com\/leasing\/wp-content\/uploads\/sites\/2\/2020\/08\/yksityisleasing-jaguar-768x299.jpg 768w, https:\/\/atleaseprod.wpengine.com\/leasing\/wp-content\/uploads\/sites\/2\/2020\/08\/yksityisleasing-jaguar-300x117.jpg 300w, https:\/\/atleaseprod.wpengine.com\/leasing\/wp-content\/uploads\/sites\/2\/2020\/08\/yksityisleasing-jaguar-1024x398.jpg 1024w, https:\/\/atleaseprod.wpengine.com\/leasing\/wp-content\/uploads\/sites\/2\/2020\/08\/yksityisleasing-jaguar-1536x597.jpg 1536w, https:\/\/atleaseprod.wpengine.com\/leasing\/wp-content\/uploads\/sites\/2\/2020\/08\/yksityisleasing-jaguar.jpg 1800w\" sizes=\"(max-width: 768px) 100vw, 768px\" \/><\/div><\/a>\n\t\t\t\t<div class=\"elementor-post__text\">\n\t\t\t\t<h3 class=\"elementor-post__title\">\n\t\t\t<a href=\"https:\/\/atleaseprod.wpengine.com\/leasing\/yksityisleasing-artikkeli\/yksityisleasingin-suosituimmat-automerkit\/\" >\n\t\t\t\tYksityisleasingin suosituimmat automerkit\t\t\t<\/a>\n\t\t<\/h3>\n\t\t\t\t<\/div>\n\t\t\t\t<div class=\"elementor-post__meta-data\">\n\t\t\t\t\t<span class=\"elementor-post-date\">\n\t\t\t28.1.2019\t\t<\/span>\n\t\t\t\t<\/div>\n\t\t\t\t\t<\/div>\n\t\t<\/article>\n\t\t\t\t<article class=\"elementor-post elementor-grid-item post-362 post type-post status-publish format-standard has-post-thumbnail hentry category-yksityisleasing-artikkeli\">\n\t\t\t<div class=\"elementor-post__card\">\n\t\t\t\t<a class=\"elementor-post__thumbnail__link\" href=\"https:\/\/atleaseprod.wpengine.com\/leasing\/yksityisleasing-artikkeli\/yksityisleasing-nostaa-suosiotaan\/\" tabindex=\"-1\" ><div class=\"elementor-post__thumbnail\"><img loading=\"lazy\" decoding=\"async\" width=\"768\" height=\"299\" src=\"https:\/\/atleaseprod.wpengine.com\/leasing\/wp-content\/uploads\/sites\/2\/2020\/08\/yksityisleasing-suosituimmat-automerkit-tiguan-kohdesivu-768x299.jpg\" class=\"attachment-medium_large size-medium_large wp-image-363\" alt=\"\" srcset=\"https:\/\/atleaseprod.wpengine.com\/leasing\/wp-content\/uploads\/sites\/2\/2020\/08\/yksityisleasing-suosituimmat-automerkit-tiguan-kohdesivu-768x299.jpg 768w, https:\/\/atleaseprod.wpengine.com\/leasing\/wp-content\/uploads\/sites\/2\/2020\/08\/yksityisleasing-suosituimmat-automerkit-tiguan-kohdesivu-300x117.jpg 300w, https:\/\/atleaseprod.wpengine.com\/leasing\/wp-content\/uploads\/sites\/2\/2020\/08\/yksityisleasing-suosituimmat-automerkit-tiguan-kohdesivu-1024x398.jpg 1024w, https:\/\/atleaseprod.wpengine.com\/leasing\/wp-content\/uploads\/sites\/2\/2020\/08\/yksityisleasing-suosituimmat-automerkit-tiguan-kohdesivu-1536x597.jpg 1536w, https:\/\/atleaseprod.wpengine.com\/leasing\/wp-content\/uploads\/sites\/2\/2020\/08\/yksityisleasing-suosituimmat-automerkit-tiguan-kohdesivu.jpg 1800w\" sizes=\"(max-width: 768px) 100vw, 768px\" \/><\/div><\/a>\n\t\t\t\t<div class=\"elementor-post__text\">\n\t\t\t\t<h3 class=\"elementor-post__title\">\n\t\t\t<a href=\"https:\/\/atleaseprod.wpengine.com\/leasing\/yksityisleasing-artikkeli\/yksityisleasing-nostaa-suosiotaan\/\" >\n\t\t\t\tYksityisleasing nostaa suosiotaan\t\t\t<\/a>\n\t\t<\/h3>\n\t\t\t\t<\/div>\n\t\t\t\t<div class=\"elementor-post__meta-data\">\n\t\t\t\t\t<span class=\"elementor-post-date\">\n\t\t\t10.10.2018\t\t<\/span>\n\t\t\t\t<\/div>\n\t\t\t\t\t<\/div>\n\t\t<\/article>\n\t\t\t\t<article class=\"elementor-post elementor-grid-item post-366 post type-post status-publish format-standard has-post-thumbnail hentry category-yksityisleasing-artikkeli tag-testimoniaali\">\n\t\t\t<div class=\"elementor-post__card\">\n\t\t\t\t<a class=\"elementor-post__thumbnail__link\" href=\"https:\/\/atleaseprod.wpengine.com\/leasing\/yksityisleasing-artikkeli\/jenni-valitsi-autokseen-kaasu-skodan\/\" tabindex=\"-1\" ><div class=\"elementor-post__thumbnail\"><img loading=\"lazy\" decoding=\"async\" width=\"768\" height=\"299\" src=\"https:\/\/atleaseprod.wpengine.com\/leasing\/wp-content\/uploads\/sites\/2\/2020\/08\/jenni-yksityisleasing-kohdesivu-768x299.jpg\" class=\"attachment-medium_large size-medium_large wp-image-367\" alt=\"\" srcset=\"https:\/\/atleaseprod.wpengine.com\/leasing\/wp-content\/uploads\/sites\/2\/2020\/08\/jenni-yksityisleasing-kohdesivu-768x299.jpg 768w, https:\/\/atleaseprod.wpengine.com\/leasing\/wp-content\/uploads\/sites\/2\/2020\/08\/jenni-yksityisleasing-kohdesivu-300x117.jpg 300w, https:\/\/atleaseprod.wpengine.com\/leasing\/wp-content\/uploads\/sites\/2\/2020\/08\/jenni-yksityisleasing-kohdesivu-1024x398.jpg 1024w, https:\/\/atleaseprod.wpengine.com\/leasing\/wp-content\/uploads\/sites\/2\/2020\/08\/jenni-yksityisleasing-kohdesivu-1536x597.jpg 1536w, https:\/\/atleaseprod.wpengine.com\/leasing\/wp-content\/uploads\/sites\/2\/2020\/08\/jenni-yksityisleasing-kohdesivu.jpg 1800w\" sizes=\"(max-width: 768px) 100vw, 768px\" \/><\/div><\/a>\n\t\t\t\t<div class=\"elementor-post__text\">\n\t\t\t\t<h3 class=\"elementor-post__title\">\n\t\t\t<a href=\"https:\/\/atleaseprod.wpengine.com\/leasing\/yksityisleasing-artikkeli\/jenni-valitsi-autokseen-kaasu-skodan\/\" >\n\t\t\t\tJenni valitsi autokseen kaasu-Skodan yksityisleasingill\u00e4\t\t\t<\/a>\n\t\t<\/h3>\n\t\t\t\t<\/div>\n\t\t\t\t<div class=\"elementor-post__meta-data\">\n\t\t\t\t\t<span class=\"elementor-post-date\">\n\t\t\t8.10.2018\t\t<\/span>\n\t\t\t\t<\/div>\n\t\t\t\t\t<\/div>\n\t\t<\/article>\n\t\t\t\t<article class=\"elementor-post elementor-grid-item post-339 post type-post status-publish format-standard has-post-thumbnail hentry category-yksityisleasing-artikkeli\">\n\t\t\t<div class=\"elementor-post__card\">\n\t\t\t\t<a class=\"elementor-post__thumbnail__link\" href=\"https:\/\/atleaseprod.wpengine.com\/leasing\/yksityisleasing-artikkeli\/nain-valitset-parhaan-vakuutuksen\/\" tabindex=\"-1\" ><div class=\"elementor-post__thumbnail\"><img loading=\"lazy\" decoding=\"async\" width=\"768\" height=\"305\" src=\"https:\/\/atleaseprod.wpengine.com\/leasing\/wp-content\/uploads\/sites\/2\/2020\/08\/if-vakuutus-kohdesivu-768x305.jpg\" class=\"attachment-medium_large size-medium_large wp-image-340\" alt=\"\" srcset=\"https:\/\/atleaseprod.wpengine.com\/leasing\/wp-content\/uploads\/sites\/2\/2020\/08\/if-vakuutus-kohdesivu-768x305.jpg 768w, https:\/\/atleaseprod.wpengine.com\/leasing\/wp-content\/uploads\/sites\/2\/2020\/08\/if-vakuutus-kohdesivu-300x119.jpg 300w, https:\/\/atleaseprod.wpengine.com\/leasing\/wp-content\/uploads\/sites\/2\/2020\/08\/if-vakuutus-kohdesivu-1024x406.jpg 1024w, https:\/\/atleaseprod.wpengine.com\/leasing\/wp-content\/uploads\/sites\/2\/2020\/08\/if-vakuutus-kohdesivu-1536x609.jpg 1536w, https:\/\/atleaseprod.wpengine.com\/leasing\/wp-content\/uploads\/sites\/2\/2020\/08\/if-vakuutus-kohdesivu.jpg 1800w\" sizes=\"(max-width: 768px) 100vw, 768px\" \/><\/div><\/a>\n\t\t\t\t<div class=\"elementor-post__text\">\n\t\t\t\t<h3 class=\"elementor-post__title\">\n\t\t\t<a href=\"https:\/\/atleaseprod.wpengine.com\/leasing\/yksityisleasing-artikkeli\/nain-valitset-parhaan-vakuutuksen\/\" >\n\t\t\t\tN\u00e4in valitset parhaan vakuutuksen\t\t\t<\/a>\n\t\t<\/h3>\n\t\t\t\t<\/div>\n\t\t\t\t<div class=\"elementor-post__meta-data\">\n\t\t\t\t\t<span class=\"elementor-post-date\">\n\t\t\t1.10.2018\t\t<\/span>\n\t\t\t\t<\/div>\n\t\t\t\t\t<\/div>\n\t\t<\/article>\n\t\t\t\t<article class=\"elementor-post elementor-grid-item post-368 post type-post status-publish format-standard has-post-thumbnail hentry category-yksityisleasing-artikkeli tag-testimoniaali\">\n\t\t\t<div class=\"elementor-post__card\">\n\t\t\t\t<a class=\"elementor-post__thumbnail__link\" href=\"https:\/\/atleaseprod.wpengine.com\/leasing\/yksityisleasing-artikkeli\/ismo-hankki-skoda-octavian-yksityisleasingilla\/\" tabindex=\"-1\" ><div class=\"elementor-post__thumbnail\"><img loading=\"lazy\" decoding=\"async\" width=\"768\" height=\"299\" src=\"https:\/\/atleaseprod.wpengine.com\/leasing\/wp-content\/uploads\/sites\/2\/2020\/08\/ismo-hero-kuva-768x299.jpg\" class=\"attachment-medium_large size-medium_large wp-image-369\" alt=\"\" srcset=\"https:\/\/atleaseprod.wpengine.com\/leasing\/wp-content\/uploads\/sites\/2\/2020\/08\/ismo-hero-kuva-768x299.jpg 768w, https:\/\/atleaseprod.wpengine.com\/leasing\/wp-content\/uploads\/sites\/2\/2020\/08\/ismo-hero-kuva-300x117.jpg 300w, https:\/\/atleaseprod.wpengine.com\/leasing\/wp-content\/uploads\/sites\/2\/2020\/08\/ismo-hero-kuva-1024x398.jpg 1024w, https:\/\/atleaseprod.wpengine.com\/leasing\/wp-content\/uploads\/sites\/2\/2020\/08\/ismo-hero-kuva-1536x597.jpg 1536w, https:\/\/atleaseprod.wpengine.com\/leasing\/wp-content\/uploads\/sites\/2\/2020\/08\/ismo-hero-kuva.jpg 1800w\" sizes=\"(max-width: 768px) 100vw, 768px\" \/><\/div><\/a>\n\t\t\t\t<div class=\"elementor-post__text\">\n\t\t\t\t<h3 class=\"elementor-post__title\">\n\t\t\t<a href=\"https:\/\/atleaseprod.wpengine.com\/leasing\/yksityisleasing-artikkeli\/ismo-hankki-skoda-octavian-yksityisleasingilla\/\" >\n\t\t\t\tIsmo hankki Skoda Octavian yksityisleasingilla\t\t\t<\/a>\n\t\t<\/h3>\n\t\t\t\t<\/div>\n\t\t\t\t<div class=\"elementor-post__meta-data\">\n\t\t\t\t\t<span class=\"elementor-post-date\">\n\t\t\t24.9.2018\t\t<\/span>\n\t\t\t\t<\/div>\n\t\t\t\t\t<\/div>\n\t\t<\/article>\n\t\t\t\t<article class=\"elementor-post elementor-grid-item post-370 post type-post status-publish format-standard has-post-thumbnail hentry category-yksityisleasing-artikkeli tag-testimoniaali\">\n\t\t\t<div class=\"elementor-post__card\">\n\t\t\t\t<a class=\"elementor-post__thumbnail__link\" href=\"https:\/\/atleaseprod.wpengine.com\/leasing\/yksityisleasing-artikkeli\/bmw-vaihtui-volvoon-yksityisleasing-osoittautui-jarkevimmaksi-vaihtoehdoksi\/\" tabindex=\"-1\" ><div class=\"elementor-post__thumbnail\"><img loading=\"lazy\" decoding=\"async\" width=\"768\" height=\"299\" src=\"https:\/\/atleaseprod.wpengine.com\/leasing\/wp-content\/uploads\/sites\/2\/2020\/08\/volvo-1800x700-1-768x299.jpg\" class=\"attachment-medium_large size-medium_large wp-image-371\" alt=\"\" srcset=\"https:\/\/atleaseprod.wpengine.com\/leasing\/wp-content\/uploads\/sites\/2\/2020\/08\/volvo-1800x700-1-768x299.jpg 768w, https:\/\/atleaseprod.wpengine.com\/leasing\/wp-content\/uploads\/sites\/2\/2020\/08\/volvo-1800x700-1-300x117.jpg 300w, https:\/\/atleaseprod.wpengine.com\/leasing\/wp-content\/uploads\/sites\/2\/2020\/08\/volvo-1800x700-1-1024x398.jpg 1024w, https:\/\/atleaseprod.wpengine.com\/leasing\/wp-content\/uploads\/sites\/2\/2020\/08\/volvo-1800x700-1-1536x597.jpg 1536w, https:\/\/atleaseprod.wpengine.com\/leasing\/wp-content\/uploads\/sites\/2\/2020\/08\/volvo-1800x700-1.jpg 1800w\" sizes=\"(max-width: 768px) 100vw, 768px\" \/><\/div><\/a>\n\t\t\t\t<div class=\"elementor-post__text\">\n\t\t\t\t<h3 class=\"elementor-post__title\">\n\t\t\t<a href=\"https:\/\/atleaseprod.wpengine.com\/leasing\/yksityisleasing-artikkeli\/bmw-vaihtui-volvoon-yksityisleasing-osoittautui-jarkevimmaksi-vaihtoehdoksi\/\" >\n\t\t\t\tBMW- vaihtui Volvoon \u2013 yksityisleasing osoittautui j\u00e4rkevimm\u00e4ksi vaihtoehdoksi\t\t\t<\/a>\n\t\t<\/h3>\n\t\t\t\t<\/div>\n\t\t\t\t<div class=\"elementor-post__meta-data\">\n\t\t\t\t\t<span class=\"elementor-post-date\">\n\t\t\t31.5.2018\t\t<\/span>\n\t\t\t\t<\/div>\n\t\t\t\t\t<\/div>\n\t\t<\/article>\n\t\t\t\t<article class=\"elementor-post elementor-grid-item post-372 post type-post status-publish format-standard has-post-thumbnail hentry category-yksityisleasing-artikkeli\">\n\t\t\t<div class=\"elementor-post__card\">\n\t\t\t\t<a class=\"elementor-post__thumbnail__link\" href=\"https:\/\/atleaseprod.wpengine.com\/leasing\/yksityisleasing-artikkeli\/yksityisleasingissa-veroa-verolle\/\" tabindex=\"-1\" ><div class=\"elementor-post__thumbnail\"><img loading=\"lazy\" decoding=\"async\" width=\"768\" height=\"299\" src=\"https:\/\/atleaseprod.wpengine.com\/leasing\/wp-content\/uploads\/sites\/2\/2020\/08\/tos_leasing_alv_artikkeli_1800x700px-768x299.jpg\" class=\"attachment-medium_large size-medium_large wp-image-373\" alt=\"\" srcset=\"https:\/\/atleaseprod.wpengine.com\/leasing\/wp-content\/uploads\/sites\/2\/2020\/08\/tos_leasing_alv_artikkeli_1800x700px-768x299.jpg 768w, https:\/\/atleaseprod.wpengine.com\/leasing\/wp-content\/uploads\/sites\/2\/2020\/08\/tos_leasing_alv_artikkeli_1800x700px-300x117.jpg 300w, https:\/\/atleaseprod.wpengine.com\/leasing\/wp-content\/uploads\/sites\/2\/2020\/08\/tos_leasing_alv_artikkeli_1800x700px-1024x398.jpg 1024w, https:\/\/atleaseprod.wpengine.com\/leasing\/wp-content\/uploads\/sites\/2\/2020\/08\/tos_leasing_alv_artikkeli_1800x700px-1536x597.jpg 1536w, https:\/\/atleaseprod.wpengine.com\/leasing\/wp-content\/uploads\/sites\/2\/2020\/08\/tos_leasing_alv_artikkeli_1800x700px.jpg 1800w\" sizes=\"(max-width: 768px) 100vw, 768px\" \/><\/div><\/a>\n\t\t\t\t<div class=\"elementor-post__text\">\n\t\t\t\t<h3 class=\"elementor-post__title\">\n\t\t\t<a href=\"https:\/\/atleaseprod.wpengine.com\/leasing\/yksityisleasing-artikkeli\/yksityisleasingissa-veroa-verolle\/\" >\n\t\t\t\tYksityisleasingissa veroa verolle\t\t\t<\/a>\n\t\t<\/h3>\n\t\t\t\t<\/div>\n\t\t\t\t<div class=\"elementor-post__meta-data\">\n\t\t\t\t\t<span class=\"elementor-post-date\">\n\t\t\t30.5.2018\t\t<\/span>\n\t\t\t\t<\/div>\n\t\t\t\t\t<\/div>\n\t\t<\/article>\n\t\t\t\t<article class=\"elementor-post elementor-grid-item post-341 post type-post status-publish format-standard has-post-thumbnail hentry category-yksityisleasing-artikkeli\">\n\t\t\t<div class=\"elementor-post__card\">\n\t\t\t\t<a class=\"elementor-post__thumbnail__link\" href=\"https:\/\/atleaseprod.wpengine.com\/leasing\/yksityisleasing-artikkeli\/monta-tapaa-kesaauton-hankintaan\/\" tabindex=\"-1\" ><div class=\"elementor-post__thumbnail\"><img loading=\"lazy\" decoding=\"async\" width=\"768\" height=\"299\" src=\"https:\/\/atleaseprod.wpengine.com\/leasing\/wp-content\/uploads\/sites\/2\/2020\/08\/kesaauto-artikkeli-1800x700-1-768x299.jpg\" class=\"attachment-medium_large size-medium_large wp-image-342\" alt=\"\" srcset=\"https:\/\/atleaseprod.wpengine.com\/leasing\/wp-content\/uploads\/sites\/2\/2020\/08\/kesaauto-artikkeli-1800x700-1-768x299.jpg 768w, https:\/\/atleaseprod.wpengine.com\/leasing\/wp-content\/uploads\/sites\/2\/2020\/08\/kesaauto-artikkeli-1800x700-1-300x117.jpg 300w, https:\/\/atleaseprod.wpengine.com\/leasing\/wp-content\/uploads\/sites\/2\/2020\/08\/kesaauto-artikkeli-1800x700-1-1024x398.jpg 1024w, https:\/\/atleaseprod.wpengine.com\/leasing\/wp-content\/uploads\/sites\/2\/2020\/08\/kesaauto-artikkeli-1800x700-1-1536x597.jpg 1536w, https:\/\/atleaseprod.wpengine.com\/leasing\/wp-content\/uploads\/sites\/2\/2020\/08\/kesaauto-artikkeli-1800x700-1.jpg 1800w\" sizes=\"(max-width: 768px) 100vw, 768px\" \/><\/div><\/a>\n\t\t\t\t<div class=\"elementor-post__text\">\n\t\t\t\t<h3 class=\"elementor-post__title\">\n\t\t\t<a href=\"https:\/\/atleaseprod.wpengine.com\/leasing\/yksityisleasing-artikkeli\/monta-tapaa-kesaauton-hankintaan\/\" >\n\t\t\t\tMonta tapaa kes\u00e4auton hankintaan\t\t\t<\/a>\n\t\t<\/h3>\n\t\t\t\t<\/div>\n\t\t\t\t<div class=\"elementor-post__meta-data\">\n\t\t\t\t\t<span class=\"elementor-post-date\">\n\t\t\t28.5.2018\t\t<\/span>\n\t\t\t\t<\/div>\n\t\t\t\t\t<\/div>\n\t\t<\/article>\n\t\t\t\t<article class=\"elementor-post elementor-grid-item post-364 post type-post status-publish format-standard has-post-thumbnail hentry category-yksityisleasing-artikkeli\">\n\t\t\t<div class=\"elementor-post__card\">\n\t\t\t\t<a class=\"elementor-post__thumbnail__link\" href=\"https:\/\/atleaseprod.wpengine.com\/leasing\/yksityisleasing-artikkeli\/merkkiuskollisuus-ei-ole-yksityisleasingin-ykkoskriteeri\/\" tabindex=\"-1\" ><div class=\"elementor-post__thumbnail\"><img loading=\"lazy\" decoding=\"async\" width=\"768\" height=\"299\" src=\"https:\/\/atleaseprod.wpengine.com\/leasing\/wp-content\/uploads\/sites\/2\/2020\/08\/data_artikkeli_1800x700px-768x299.jpg\" class=\"attachment-medium_large size-medium_large wp-image-365\" alt=\"\" srcset=\"https:\/\/atleaseprod.wpengine.com\/leasing\/wp-content\/uploads\/sites\/2\/2020\/08\/data_artikkeli_1800x700px-768x299.jpg 768w, https:\/\/atleaseprod.wpengine.com\/leasing\/wp-content\/uploads\/sites\/2\/2020\/08\/data_artikkeli_1800x700px-300x117.jpg 300w, https:\/\/atleaseprod.wpengine.com\/leasing\/wp-content\/uploads\/sites\/2\/2020\/08\/data_artikkeli_1800x700px-1024x398.jpg 1024w, https:\/\/atleaseprod.wpengine.com\/leasing\/wp-content\/uploads\/sites\/2\/2020\/08\/data_artikkeli_1800x700px-1536x597.jpg 1536w, https:\/\/atleaseprod.wpengine.com\/leasing\/wp-content\/uploads\/sites\/2\/2020\/08\/data_artikkeli_1800x700px.jpg 1800w\" sizes=\"(max-width: 768px) 100vw, 768px\" \/><\/div><\/a>\n\t\t\t\t<div class=\"elementor-post__text\">\n\t\t\t\t<h3 class=\"elementor-post__title\">\n\t\t\t<a href=\"https:\/\/atleaseprod.wpengine.com\/leasing\/yksityisleasing-artikkeli\/merkkiuskollisuus-ei-ole-yksityisleasingin-ykkoskriteeri\/\" >\n\t\t\t\tMerkkiuskollisuus ei ole yksityisleasingin ykk\u00f6skriteeri\t\t\t<\/a>\n\t\t<\/h3>\n\t\t\t\t<\/div>\n\t\t\t\t<div class=\"elementor-post__meta-data\">\n\t\t\t\t\t<span class=\"elementor-post-date\">\n\t\t\t23.5.2018\t\t<\/span>\n\t\t\t\t<\/div>\n\t\t\t\t\t<\/div>\n\t\t<\/article>\n\t\t\t\t<article class=\"elementor-post elementor-grid-item post-374 post type-post status-publish format-standard has-post-thumbnail hentry category-yksityisleasing-artikkeli\">\n\t\t\t<div class=\"elementor-post__card\">\n\t\t\t\t<a class=\"elementor-post__thumbnail__link\" href=\"https:\/\/atleaseprod.wpengine.com\/leasing\/yksityisleasing-artikkeli\/kesaauton-voi-myos-vuokrata\/\" tabindex=\"-1\" ><div class=\"elementor-post__thumbnail\"><img loading=\"lazy\" decoding=\"async\" width=\"768\" height=\"299\" src=\"https:\/\/atleaseprod.wpengine.com\/leasing\/wp-content\/uploads\/sites\/2\/2020\/08\/op-kausiauto-artikkeli-4-1800x700-1-768x299.jpg\" class=\"attachment-medium_large size-medium_large wp-image-375\" alt=\"\" srcset=\"https:\/\/atleaseprod.wpengine.com\/leasing\/wp-content\/uploads\/sites\/2\/2020\/08\/op-kausiauto-artikkeli-4-1800x700-1-768x299.jpg 768w, https:\/\/atleaseprod.wpengine.com\/leasing\/wp-content\/uploads\/sites\/2\/2020\/08\/op-kausiauto-artikkeli-4-1800x700-1-300x117.jpg 300w, https:\/\/atleaseprod.wpengine.com\/leasing\/wp-content\/uploads\/sites\/2\/2020\/08\/op-kausiauto-artikkeli-4-1800x700-1-1024x398.jpg 1024w, https:\/\/atleaseprod.wpengine.com\/leasing\/wp-content\/uploads\/sites\/2\/2020\/08\/op-kausiauto-artikkeli-4-1800x700-1-1536x597.jpg 1536w, https:\/\/atleaseprod.wpengine.com\/leasing\/wp-content\/uploads\/sites\/2\/2020\/08\/op-kausiauto-artikkeli-4-1800x700-1.jpg 1800w\" sizes=\"(max-width: 768px) 100vw, 768px\" \/><\/div><\/a>\n\t\t\t\t<div class=\"elementor-post__text\">\n\t\t\t\t<h3 class=\"elementor-post__title\">\n\t\t\t<a href=\"https:\/\/atleaseprod.wpengine.com\/leasing\/yksityisleasing-artikkeli\/kesaauton-voi-myos-vuokrata\/\" >\n\t\t\t\tKes\u00e4auton voi my\u00f6s vuokrata\t\t\t<\/a>\n\t\t<\/h3>\n\t\t\t\t<\/div>\n\t\t\t\t<div class=\"elementor-post__meta-data\">\n\t\t\t\t\t<span class=\"elementor-post-date\">\n\t\t\t22.5.2018\t\t<\/span>\n\t\t\t\t<\/div>\n\t\t\t\t\t<\/div>\n\t\t<\/article>\n\t\t\t\t<article class=\"elementor-post elementor-grid-item post-376 post type-post status-publish format-standard has-post-thumbnail hentry category-yksityisleasing-artikkeli tag-testimoniaali\">\n\t\t\t<div class=\"elementor-post__card\">\n\t\t\t\t<a class=\"elementor-post__thumbnail__link\" href=\"https:\/\/atleaseprod.wpengine.com\/leasing\/yksityisleasing-artikkeli\/autoilua-kuukausimaksulla-huolettomuus-miellyttaa\/\" tabindex=\"-1\" ><div class=\"elementor-post__thumbnail\"><img loading=\"lazy\" decoding=\"async\" width=\"768\" height=\"299\" src=\"https:\/\/atleaseprod.wpengine.com\/leasing\/wp-content\/uploads\/sites\/2\/2020\/08\/huolettomuus-miellyttaa-hero4-768x299.jpg\" class=\"attachment-medium_large size-medium_large wp-image-377\" alt=\"\" srcset=\"https:\/\/atleaseprod.wpengine.com\/leasing\/wp-content\/uploads\/sites\/2\/2020\/08\/huolettomuus-miellyttaa-hero4-768x299.jpg 768w, https:\/\/atleaseprod.wpengine.com\/leasing\/wp-content\/uploads\/sites\/2\/2020\/08\/huolettomuus-miellyttaa-hero4-300x117.jpg 300w, https:\/\/atleaseprod.wpengine.com\/leasing\/wp-content\/uploads\/sites\/2\/2020\/08\/huolettomuus-miellyttaa-hero4-1024x398.jpg 1024w, https:\/\/atleaseprod.wpengine.com\/leasing\/wp-content\/uploads\/sites\/2\/2020\/08\/huolettomuus-miellyttaa-hero4-1536x597.jpg 1536w, https:\/\/atleaseprod.wpengine.com\/leasing\/wp-content\/uploads\/sites\/2\/2020\/08\/huolettomuus-miellyttaa-hero4.jpg 1800w\" sizes=\"(max-width: 768px) 100vw, 768px\" \/><\/div><\/a>\n\t\t\t\t<div class=\"elementor-post__text\">\n\t\t\t\t<h3 class=\"elementor-post__title\">\n\t\t\t<a href=\"https:\/\/atleaseprod.wpengine.com\/leasing\/yksityisleasing-artikkeli\/autoilua-kuukausimaksulla-huolettomuus-miellyttaa\/\" >\n\t\t\t\tAutoilua kuukausimaksulla \u2013 huolettomuus miellytt\u00e4\u00e4\t\t\t<\/a>\n\t\t<\/h3>\n\t\t\t\t<\/div>\n\t\t\t\t<div class=\"elementor-post__meta-data\">\n\t\t\t\t\t<span class=\"elementor-post-date\">\n\t\t\t20.4.2018\t\t<\/span>\n\t\t\t\t<\/div>\n\t\t\t\t\t<\/div>\n\t\t<\/article>\n\t\t\t\t<article class=\"elementor-post elementor-grid-item post-349 post type-post status-publish format-standard has-post-thumbnail hentry category-yksityisleasing-artikkeli\">\n\t\t\t<div class=\"elementor-post__card\">\n\t\t\t\t<a class=\"elementor-post__thumbnail__link\" href=\"https:\/\/atleaseprod.wpengine.com\/leasing\/yksityisleasing-artikkeli\/auto-kiintealla-kuukausihinnalla\/\" tabindex=\"-1\" ><div class=\"elementor-post__thumbnail\"><img loading=\"lazy\" decoding=\"async\" width=\"768\" height=\"299\" src=\"https:\/\/atleaseprod.wpengine.com\/leasing\/wp-content\/uploads\/sites\/2\/2020\/08\/auto-kiintealla-kuukausihinnalla2-768x299.jpg\" class=\"attachment-medium_large size-medium_large wp-image-350\" alt=\"\" srcset=\"https:\/\/atleaseprod.wpengine.com\/leasing\/wp-content\/uploads\/sites\/2\/2020\/08\/auto-kiintealla-kuukausihinnalla2-768x299.jpg 768w, https:\/\/atleaseprod.wpengine.com\/leasing\/wp-content\/uploads\/sites\/2\/2020\/08\/auto-kiintealla-kuukausihinnalla2-300x117.jpg 300w, https:\/\/atleaseprod.wpengine.com\/leasing\/wp-content\/uploads\/sites\/2\/2020\/08\/auto-kiintealla-kuukausihinnalla2-1024x398.jpg 1024w, https:\/\/atleaseprod.wpengine.com\/leasing\/wp-content\/uploads\/sites\/2\/2020\/08\/auto-kiintealla-kuukausihinnalla2-1536x597.jpg 1536w, https:\/\/atleaseprod.wpengine.com\/leasing\/wp-content\/uploads\/sites\/2\/2020\/08\/auto-kiintealla-kuukausihinnalla2.jpg 1800w\" sizes=\"(max-width: 768px) 100vw, 768px\" \/><\/div><\/a>\n\t\t\t\t<div class=\"elementor-post__text\">\n\t\t\t\t<h3 class=\"elementor-post__title\">\n\t\t\t<a href=\"https:\/\/atleaseprod.wpengine.com\/leasing\/yksityisleasing-artikkeli\/auto-kiintealla-kuukausihinnalla\/\" >\n\t\t\t\tAuto kiinte\u00e4ll\u00e4 kuukausihinnalla &#8211; mik\u00e4 osuu omaan budjettiin\t\t\t<\/a>\n\t\t<\/h3>\n\t\t\t\t<\/div>\n\t\t\t\t<div class=\"elementor-post__meta-data\">\n\t\t\t\t\t<span class=\"elementor-post-date\">\n\t\t\t19.4.2018\t\t<\/span>\n\t\t\t\t<\/div>\n\t\t\t\t\t<\/div>\n\t\t<\/article>\n\t\t\t\t<article class=\"elementor-post elementor-grid-item post-347 post type-post status-publish format-standard has-post-thumbnail hentry category-yksityisleasing-artikkeli tag-vertailu\">\n\t\t\t<div class=\"elementor-post__card\">\n\t\t\t\t<a class=\"elementor-post__thumbnail__link\" href=\"https:\/\/atleaseprod.wpengine.com\/leasing\/yksityisleasing-artikkeli\/mitka-ovat-yksityisleasingin-ja-tos-kaupan-erot\/\" tabindex=\"-1\" ><div class=\"elementor-post__thumbnail\"><img loading=\"lazy\" decoding=\"async\" width=\"768\" height=\"299\" src=\"https:\/\/atleaseprod.wpengine.com\/leasing\/wp-content\/uploads\/sites\/2\/2020\/08\/Leasing_vai_TOS_1800x700-768x299.jpg\" class=\"attachment-medium_large size-medium_large wp-image-348\" alt=\"\" srcset=\"https:\/\/atleaseprod.wpengine.com\/leasing\/wp-content\/uploads\/sites\/2\/2020\/08\/Leasing_vai_TOS_1800x700-768x299.jpg 768w, https:\/\/atleaseprod.wpengine.com\/leasing\/wp-content\/uploads\/sites\/2\/2020\/08\/Leasing_vai_TOS_1800x700-300x117.jpg 300w, https:\/\/atleaseprod.wpengine.com\/leasing\/wp-content\/uploads\/sites\/2\/2020\/08\/Leasing_vai_TOS_1800x700-1024x398.jpg 1024w, https:\/\/atleaseprod.wpengine.com\/leasing\/wp-content\/uploads\/sites\/2\/2020\/08\/Leasing_vai_TOS_1800x700-1536x597.jpg 1536w, https:\/\/atleaseprod.wpengine.com\/leasing\/wp-content\/uploads\/sites\/2\/2020\/08\/Leasing_vai_TOS_1800x700.jpg 1800w\" sizes=\"(max-width: 768px) 100vw, 768px\" \/><\/div><\/a>\n\t\t\t\t<div class=\"elementor-post__text\">\n\t\t\t\t<h3 class=\"elementor-post__title\">\n\t\t\t<a href=\"https:\/\/atleaseprod.wpengine.com\/leasing\/yksityisleasing-artikkeli\/mitka-ovat-yksityisleasingin-ja-tos-kaupan-erot\/\" >\n\t\t\t\tMitk\u00e4 ovat yksityisleasingin ja TOS-kaupan erot?\t\t\t<\/a>\n\t\t<\/h3>\n\t\t\t\t<\/div>\n\t\t\t\t<div class=\"elementor-post__meta-data\">\n\t\t\t\t\t<span class=\"elementor-post-date\">\n\t\t\t20.3.2018\t\t<\/span>\n\t\t\t\t<\/div>\n\t\t\t\t\t<\/div>\n\t\t<\/article>\n\t\t\t\t<article class=\"elementor-post elementor-grid-item post-345 post type-post status-publish format-standard has-post-thumbnail hentry category-yksityisleasing-artikkeli tag-vertailu\">\n\t\t\t<div class=\"elementor-post__card\">\n\t\t\t\t<a class=\"elementor-post__thumbnail__link\" href=\"https:\/\/atleaseprod.wpengine.com\/leasing\/yksityisleasing-artikkeli\/yksityisleasingeissa-on-eroja\/\" tabindex=\"-1\" ><div class=\"elementor-post__thumbnail\"><img loading=\"lazy\" decoding=\"async\" width=\"768\" height=\"299\" src=\"https:\/\/atleaseprod.wpengine.com\/leasing\/wp-content\/uploads\/sites\/2\/2020\/08\/Pariskunta_leasingeissa_on_eroja_1800x700-768x299.jpg\" class=\"attachment-medium_large size-medium_large wp-image-346\" alt=\"\" srcset=\"https:\/\/atleaseprod.wpengine.com\/leasing\/wp-content\/uploads\/sites\/2\/2020\/08\/Pariskunta_leasingeissa_on_eroja_1800x700-768x299.jpg 768w, https:\/\/atleaseprod.wpengine.com\/leasing\/wp-content\/uploads\/sites\/2\/2020\/08\/Pariskunta_leasingeissa_on_eroja_1800x700-300x117.jpg 300w, https:\/\/atleaseprod.wpengine.com\/leasing\/wp-content\/uploads\/sites\/2\/2020\/08\/Pariskunta_leasingeissa_on_eroja_1800x700-1024x398.jpg 1024w, https:\/\/atleaseprod.wpengine.com\/leasing\/wp-content\/uploads\/sites\/2\/2020\/08\/Pariskunta_leasingeissa_on_eroja_1800x700-1536x597.jpg 1536w, https:\/\/atleaseprod.wpengine.com\/leasing\/wp-content\/uploads\/sites\/2\/2020\/08\/Pariskunta_leasingeissa_on_eroja_1800x700.jpg 1800w\" sizes=\"(max-width: 768px) 100vw, 768px\" \/><\/div><\/a>\n\t\t\t\t<div class=\"elementor-post__text\">\n\t\t\t\t<h3 class=\"elementor-post__title\">\n\t\t\t<a href=\"https:\/\/atleaseprod.wpengine.com\/leasing\/yksityisleasing-artikkeli\/yksityisleasingeissa-on-eroja\/\" >\n\t\t\t\tYksityisleasingeiss\u00e4 on eroja\t\t\t<\/a>\n\t\t<\/h3>\n\t\t\t\t<\/div>\n\t\t\t\t<div class=\"elementor-post__meta-data\">\n\t\t\t\t\t<span class=\"elementor-post-date\">\n\t\t\t20.3.2018\t\t<\/span>\n\t\t\t\t<\/div>\n\t\t\t\t\t<\/div>\n\t\t<\/article>\n\t\t\t\t<article class=\"elementor-post elementor-grid-item post-343 post type-post status-publish format-standard has-post-thumbnail hentry category-yksityisleasing-artikkeli tag-vertailu\">\n\t\t\t<div class=\"elementor-post__card\">\n\t\t\t\t<a class=\"elementor-post__thumbnail__link\" href=\"https:\/\/atleaseprod.wpengine.com\/leasing\/yksityisleasing-artikkeli\/yksityisleasingin-plussat-ja-miinukset\/\" tabindex=\"-1\" ><div class=\"elementor-post__thumbnail\"><img loading=\"lazy\" decoding=\"async\" width=\"768\" height=\"299\" src=\"https:\/\/atleaseprod.wpengine.com\/leasing\/wp-content\/uploads\/sites\/2\/2020\/08\/Autot_Leasingin_plussat_ja_miinukset_1800x700-768x299.jpg\" class=\"attachment-medium_large size-medium_large wp-image-344\" alt=\"\" srcset=\"https:\/\/atleaseprod.wpengine.com\/leasing\/wp-content\/uploads\/sites\/2\/2020\/08\/Autot_Leasingin_plussat_ja_miinukset_1800x700-768x299.jpg 768w, https:\/\/atleaseprod.wpengine.com\/leasing\/wp-content\/uploads\/sites\/2\/2020\/08\/Autot_Leasingin_plussat_ja_miinukset_1800x700-300x117.jpg 300w, https:\/\/atleaseprod.wpengine.com\/leasing\/wp-content\/uploads\/sites\/2\/2020\/08\/Autot_Leasingin_plussat_ja_miinukset_1800x700-1024x398.jpg 1024w, https:\/\/atleaseprod.wpengine.com\/leasing\/wp-content\/uploads\/sites\/2\/2020\/08\/Autot_Leasingin_plussat_ja_miinukset_1800x700-1536x597.jpg 1536w, https:\/\/atleaseprod.wpengine.com\/leasing\/wp-content\/uploads\/sites\/2\/2020\/08\/Autot_Leasingin_plussat_ja_miinukset_1800x700.jpg 1800w\" sizes=\"(max-width: 768px) 100vw, 768px\" \/><\/div><\/a>\n\t\t\t\t<div class=\"elementor-post__text\">\n\t\t\t\t<h3 class=\"elementor-post__title\">\n\t\t\t<a href=\"https:\/\/atleaseprod.wpengine.com\/leasing\/yksityisleasing-artikkeli\/yksityisleasingin-plussat-ja-miinukset\/\" >\n\t\t\t\tYksityisleasingin plussat ja miinukset\t\t\t<\/a>\n\t\t<\/h3>\n\t\t\t\t<\/div>\n\t\t\t\t<div class=\"elementor-post__meta-data\">\n\t\t\t\t\t<span class=\"elementor-post-date\">\n\t\t\t16.3.2018\t\t<\/span>\n\t\t\t\t<\/div>\n\t\t\t\t\t<\/div>\n\t\t<\/article>\n\t\t\t\t<\/div>\n\t\t\n\t\t\t\t\t\t<\/div>\n\t\t\t\t<\/div>\n\t\t\t\t\t<\/div>\n\t\t<\/div>\n\t\t\t\t\t<\/div>\n\t\t<\/section>\n\t\t\t\t\t<\/div>\n\t\t<\/div>\n\t\t\t\t\t<\/div>\n\t\t<\/section>\n\t\t\t\t<section class=\"elementor-section elementor-top-section elementor-element elementor-element-a7d6e85 elementor-section-boxed elementor-section-height-default elementor-section-height-default\" data-id=\"a7d6e85\" data-element_type=\"section\" data-e-type=\"section\">\n\t\t\t\t\t\t<div class=\"elementor-container elementor-column-gap-default\">\n\t\t\t\t\t<div class=\"elementor-column elementor-col-100 elementor-top-column elementor-element elementor-element-61dc134\" data-id=\"61dc134\" data-element_type=\"column\" data-e-type=\"column\">\n\t\t\t<div class=\"elementor-widget-wrap elementor-element-populated\">\n\t\t\t\t\t\t<div class=\"elementor-element elementor-element-8c9e0a0 elementor-align-left elementor-mobile-align-center elementor-widget elementor-widget-global elementor-global-852 elementor-widget-button\" data-id=\"8c9e0a0\" data-element_type=\"widget\" data-e-type=\"widget\" data-widget_type=\"button.default\">\n\t\t\t\t<div class=\"elementor-widget-container\">\n\t\t\t\t\t\t\t\t\t<div class=\"elementor-button-wrapper\">\n\t\t\t\t\t<a class=\"elementor-button elementor-button-link elementor-size-md\" href=\"\/leasing\/yksityisleasing\/\">\n\t\t\t\t\t\t<span class=\"elementor-button-content-wrapper\">\n\t\t\t\t\t\t<span class=\"elementor-button-icon\">\n\t\t\t\t<svg xmlns=\"http:\/\/www.w3.org\/2000\/svg\" xmlns:xlink=\"http:\/\/www.w3.org\/1999\/xlink\" id=\"Layer_1\" x=\"0px\" y=\"0px\" viewBox=\"0 0 448 512\" style=\"enable-background:new 0 0 448 512;\" xml:space=\"preserve\"><style type=\"text\/css\">\t.st0{fill:#499EA3;}<\/style><path class=\"st0\" d=\"M98.5,239L292.9,44.7c9.4-9.4,24.6-9.4,33.9,0l22.7,22.7c9.4,9.4,9.4,24.5,0,33.9L195.5,256l154,154.7  c9.3,9.4,9.3,24.5,0,33.9l-22.7,22.7c-9.4,9.4-24.6,9.4-33.9,0L98.5,273C89.2,263.6,89.2,248.4,98.5,239L98.5,239z\"><\/path><\/svg>\t\t\t<\/span>\n\t\t\t\t\t\t\t\t\t<span class=\"elementor-button-text\">YKSITYISLEASING ETUSIVU<\/span>\n\t\t\t\t\t<\/span>\n\t\t\t\t\t<\/a>\n\t\t\t\t<\/div>\n\t\t\t\t\t\t\t\t<\/div>\n\t\t\t\t<\/div>\n\t\t\t\t\t<\/div>\n\t\t<\/div>\n\t\t\t\t\t<\/div>\n\t\t<\/section>\n\t\t\t\t<\/div>\n\t\t","protected":false},"excerpt":{"rendered":"<p>KILPAILUTA | AUTOT | KUMPPANIT | ARTIKKELIT | VERTAILU YKSITYISLEASING ARTIKKELIT T\u00e4\u00e4ll\u00e4 listaamme kaikki artikkelit ja oppaat liittyen yksityisleasingiin. .st0{fill:#499EA3;} YKSITYISLEASING ETUSIVU<\/p>\n","protected":false},"author":5,"featured_media":0,"parent":127,"menu_order":0,"comment_status":"closed","ping_status":"closed","template":"elementor_header_footer","meta":{"inline_featured_image":false,"footnotes":""},"class_list":["post-245","page","type-page","status-publish","hentry"],"yoast_head":"<!-- This site is optimized with the Yoast SEO plugin v27.4 - https:\/\/yoast.com\/product\/yoast-seo-wordpress\/ -->\n<title>Yksityisleasing-artikkelit | Autotalli.com<\/title>\n<meta name=\"description\" content=\"Listaus yksityisleasingiin liittyvist\u00e4 artikkeleistamme.\" \/>\n<meta name=\"robots\" content=\"index, follow, max-snippet:-1, max-image-preview:large, max-video-preview:-1\" \/>\n<link rel=\"canonical\" href=\"https:\/\/www.autotalli.com\/leasing\/wp-json\/wp\/v2\/pages\/245\" \/>\n<meta property=\"og:locale\" content=\"fi_FI\" \/>\n<meta property=\"og:type\" content=\"article\" \/>\n<meta property=\"og:title\" content=\"Yksityisleasing-artikkelit | Autotalli.com\" \/>\n<meta property=\"og:description\" content=\"Listaus yksityisleasingiin liittyvist\u00e4 artikkeleistamme.\" \/>\n<meta property=\"og:url\" content=\"https:\/\/atleaseprod.wpengine.com\/leasing\/yksityisleasing\/artikkelit\/\" \/>\n<meta property=\"article:modified_time\" content=\"2024-12-12T12:34:08+00:00\" \/>\n<meta name=\"twitter:card\" content=\"summary_large_image\" \/>\n<meta name=\"twitter:label1\" content=\"Arvioitu lukuaika\" \/>\n\t<meta name=\"twitter:data1\" content=\"1 minuutti\" \/>\n<script type=\"application\/ld+json\" class=\"yoast-schema-graph\">{\"@context\":\"https:\\\/\\\/schema.org\",\"@graph\":[{\"@type\":\"WebPage\",\"@id\":\"https:\\\/\\\/atleaseprod.wpengine.com\\\/leasing\\\/yksityisleasing\\\/artikkelit\\\/\",\"url\":\"https:\\\/\\\/atleaseprod.wpengine.com\\\/leasing\\\/yksityisleasing\\\/artikkelit\\\/\",\"name\":\"Yksityisleasing-artikkelit | Autotalli.com\",\"isPartOf\":{\"@id\":\"https:\\\/\\\/atleaseprod.wpengine.com\\\/leasing\\\/#website\"},\"datePublished\":\"2020-07-07T09:20:56+00:00\",\"dateModified\":\"2024-12-12T12:34:08+00:00\",\"description\":\"Listaus yksityisleasingiin liittyvist\u00e4 artikkeleistamme.\",\"breadcrumb\":{\"@id\":\"https:\\\/\\\/atleaseprod.wpengine.com\\\/leasing\\\/yksityisleasing\\\/artikkelit\\\/#breadcrumb\"},\"inLanguage\":\"fi\",\"potentialAction\":[{\"@type\":\"ReadAction\",\"target\":[\"https:\\\/\\\/atleaseprod.wpengine.com\\\/leasing\\\/yksityisleasing\\\/artikkelit\\\/\"]}]},{\"@type\":\"BreadcrumbList\",\"@id\":\"https:\\\/\\\/atleaseprod.wpengine.com\\\/leasing\\\/yksityisleasing\\\/artikkelit\\\/#breadcrumb\",\"itemListElement\":[{\"@type\":\"ListItem\",\"position\":1,\"name\":\"Etusivu\",\"item\":\"https:\\\/\\\/atleaseprod.wpengine.com\\\/leasing\\\/\"},{\"@type\":\"ListItem\",\"position\":2,\"name\":\"Yksityisleasing\",\"item\":\"https:\\\/\\\/atleaseprod.wpengine.com\\\/leasing\\\/yksityisleasing\\\/\"},{\"@type\":\"ListItem\",\"position\":3,\"name\":\"Yksityisleasing-artikkelit\"}]},{\"@type\":\"WebSite\",\"@id\":\"https:\\\/\\\/atleaseprod.wpengine.com\\\/leasing\\\/#website\",\"url\":\"https:\\\/\\\/atleaseprod.wpengine.com\\\/leasing\\\/\",\"name\":\"\",\"description\":\"\",\"potentialAction\":[{\"@type\":\"SearchAction\",\"target\":{\"@type\":\"EntryPoint\",\"urlTemplate\":\"https:\\\/\\\/atleaseprod.wpengine.com\\\/leasing\\\/?s={search_term_string}\"},\"query-input\":{\"@type\":\"PropertyValueSpecification\",\"valueRequired\":true,\"valueName\":\"search_term_string\"}}],\"inLanguage\":\"fi\"}]}<\/script>\n<!-- \/ Yoast SEO plugin. -->","yoast_head_json":{"title":"Yksityisleasing-artikkelit | Autotalli.com","description":"Listaus yksityisleasingiin liittyvist\u00e4 artikkeleistamme.","robots":{"index":"index","follow":"follow","max-snippet":"max-snippet:-1","max-image-preview":"max-image-preview:large","max-video-preview":"max-video-preview:-1"},"canonical":"https:\/\/www.autotalli.com\/leasing\/wp-json\/wp\/v2\/pages\/245","og_locale":"fi_FI","og_type":"article","og_title":"Yksityisleasing-artikkelit | Autotalli.com","og_description":"Listaus yksityisleasingiin liittyvist\u00e4 artikkeleistamme.","og_url":"https:\/\/atleaseprod.wpengine.com\/leasing\/yksityisleasing\/artikkelit\/","article_modified_time":"2024-12-12T12:34:08+00:00","twitter_card":"summary_large_image","twitter_misc":{"Arvioitu lukuaika":"1 minuutti"},"schema":{"@context":"https:\/\/schema.org","@graph":[{"@type":"WebPage","@id":"https:\/\/atleaseprod.wpengine.com\/leasing\/yksityisleasing\/artikkelit\/","url":"https:\/\/atleaseprod.wpengine.com\/leasing\/yksityisleasing\/artikkelit\/","name":"Yksityisleasing-artikkelit | Autotalli.com","isPartOf":{"@id":"https:\/\/atleaseprod.wpengine.com\/leasing\/#website"},"datePublished":"2020-07-07T09:20:56+00:00","dateModified":"2024-12-12T12:34:08+00:00","description":"Listaus yksityisleasingiin liittyvist\u00e4 artikkeleistamme.","breadcrumb":{"@id":"https:\/\/atleaseprod.wpengine.com\/leasing\/yksityisleasing\/artikkelit\/#breadcrumb"},"inLanguage":"fi","potentialAction":[{"@type":"ReadAction","target":["https:\/\/atleaseprod.wpengine.com\/leasing\/yksityisleasing\/artikkelit\/"]}]},{"@type":"BreadcrumbList","@id":"https:\/\/atleaseprod.wpengine.com\/leasing\/yksityisleasing\/artikkelit\/#breadcrumb","itemListElement":[{"@type":"ListItem","position":1,"name":"Etusivu","item":"https:\/\/atleaseprod.wpengine.com\/leasing\/"},{"@type":"ListItem","position":2,"name":"Yksityisleasing","item":"https:\/\/atleaseprod.wpengine.com\/leasing\/yksityisleasing\/"},{"@type":"ListItem","position":3,"name":"Yksityisleasing-artikkelit"}]},{"@type":"WebSite","@id":"https:\/\/atleaseprod.wpengine.com\/leasing\/#website","url":"https:\/\/atleaseprod.wpengine.com\/leasing\/","name":"","description":"","potentialAction":[{"@type":"SearchAction","target":{"@type":"EntryPoint","urlTemplate":"https:\/\/atleaseprod.wpengine.com\/leasing\/?s={search_term_string}"},"query-input":{"@type":"PropertyValueSpecification","valueRequired":true,"valueName":"search_term_string"}}],"inLanguage":"fi"}]}},"_links":{"self":[{"href":"https:\/\/atleaseprod.wpengine.com\/leasing\/wp-json\/wp\/v2\/pages\/245","targetHints":{"allow":["GET"]}}],"collection":[{"href":"https:\/\/atleaseprod.wpengine.com\/leasing\/wp-json\/wp\/v2\/pages"}],"about":[{"href":"https:\/\/atleaseprod.wpengine.com\/leasing\/wp-json\/wp\/v2\/types\/page"}],"author":[{"embeddable":true,"href":"https:\/\/atleaseprod.wpengine.com\/leasing\/wp-json\/wp\/v2\/users\/5"}],"replies":[{"embeddable":true,"href":"https:\/\/atleaseprod.wpengine.com\/leasing\/wp-json\/wp\/v2\/comments?post=245"}],"version-history":[{"count":0,"href":"https:\/\/atleaseprod.wpengine.com\/leasing\/wp-json\/wp\/v2\/pages\/245\/revisions"}],"up":[{"embeddable":true,"href":"https:\/\/atleaseprod.wpengine.com\/leasing\/wp-json\/wp\/v2\/pages\/127"}],"wp:attachment":[{"href":"https:\/\/atleaseprod.wpengine.com\/leasing\/wp-json\/wp\/v2\/media?parent=245"}],"curies":[{"name":"wp","href":"https:\/\/api.w.org\/{rel}","templated":true}]}}